{"id":794,"date":"2021-08-01T19:18:17","date_gmt":"2021-08-01T16:18:17","guid":{"rendered":"https:\/\/www.omj.fi\/?page_id=794"},"modified":"2022-02-27T20:26:34","modified_gmt":"2022-02-27T18:26:34","slug":"stream","status":"publish","type":"page","link":"https:\/\/www.omj.fi\/en\/stream\/","title":{"rendered":"Live Stream concerts"},"content":{"rendered":"\t\t<div data-elementor-type=\"wp-page\" data-elementor-id=\"794\" class=\"elementor elementor-794\">\n\t\t\t\t\t\t<section class=\"elementor-section elementor-top-section elementor-element elementor-element-8787076 elementor-section-full_width elementor-section-height-min-height elementor-section-stretched elementor-section-height-default elementor-section-items-middle\" data-id=\"8787076\" data-element_type=\"section\" data-e-type=\"section\" data-settings=\"{&quot;background_background&quot;:&quot;slideshow&quot;,&quot;background_slideshow_gallery&quot;:[{&quot;id&quot;:10656,&quot;url&quot;:&quot;https:\\\/\\\/www.omj.fi\\\/wp-content\\\/uploads\\\/2021\\\/12\\\/Jazz-Etno_kevat-2022_Jukka-Perko-Early-Birds_nettisivukuva_1920x1080.jpg&quot;}],&quot;background_slideshow_slide_duration&quot;:3000,&quot;background_slideshow_transition_duration&quot;:3000,&quot;stretch_section&quot;:&quot;section-stretched&quot;,&quot;background_slideshow_loop&quot;:&quot;yes&quot;,&quot;background_slideshow_slide_transition&quot;:&quot;fade&quot;}\">\n\t\t\t\t\t\t\t<div class=\"elementor-background-overlay\"><\/div>\n\t\t\t\t\t\t\t<div class=\"elementor-container elementor-column-gap-no\">\n\t\t\t\t\t<div class=\"elementor-column elementor-col-100 elementor-top-column elementor-element elementor-element-055d31a elementor-invisible\" data-id=\"055d31a\" data-element_type=\"column\" data-e-type=\"column\" data-settings=\"{&quot;animation&quot;:&quot;fadeIn&quot;,&quot;background_background&quot;:&quot;classic&quot;}\">\n\t\t\t<div class=\"elementor-widget-wrap elementor-element-populated\">\n\t\t\t\t\t\t<div class=\"elementor-element elementor-element-b737e0d elementor-widget elementor-widget-heading\" data-id=\"b737e0d\" data-element_type=\"widget\" data-e-type=\"widget\" data-widget_type=\"heading.default\">\n\t\t\t\t<div class=\"elementor-widget-container\">\n\t\t\t\t\t<h2 class=\"elementor-heading-title elementor-size-default\">Live Stream<\/h2>\t\t\t\t<\/div>\n\t\t\t\t<\/div>\n\t\t\t\t\t<\/div>\n\t\t<\/div>\n\t\t\t\t\t<\/div>\n\t\t<\/section>\n\t\t\t\t<section class=\"elementor-section elementor-top-section elementor-element elementor-element-3c3676c1 elementor-section-full_width elementor-section-height-default elementor-section-height-default elementor-invisible\" data-id=\"3c3676c1\" data-element_type=\"section\" data-e-type=\"section\" data-settings=\"{&quot;animation&quot;:&quot;fadeIn&quot;}\">\n\t\t\t\t\t\t<div class=\"elementor-container elementor-column-gap-no\">\n\t\t\t\t\t<div class=\"elementor-column elementor-col-100 elementor-top-column elementor-element elementor-element-2d563e8e\" data-id=\"2d563e8e\" data-element_type=\"column\" data-e-type=\"column\">\n\t\t\t<div class=\"elementor-widget-wrap elementor-element-populated\">\n\t\t\t\t\t\t<div class=\"elementor-element elementor-element-304f860 elementor-widget elementor-widget-heading\" data-id=\"304f860\" data-element_type=\"widget\" data-e-type=\"widget\" data-widget_type=\"heading.default\">\n\t\t\t\t<div class=\"elementor-widget-container\">\n\t\t\t\t\t<h1 class=\"elementor-heading-title elementor-size-default\">Oulun Musiikkijuhlat j\u00e4rjest\u00e4\u00e4 perinteisten yleis\u00f6konserttien lis\u00e4ksi my\u00f6s live-stream verkkokonsertteja, joihin yleis\u00f6 voi osallistua kotisohvalta, mist\u00e4 p\u00e4in maailmaa tahansa! T\u00e4lt\u00e4 sivulta l\u00f6yd\u00e4t tulevat stream-konsertit sek\u00e4 tietoa aiemmista verkkokonserteista.<\/h1>\t\t\t\t<\/div>\n\t\t\t\t<\/div>\n\t\t\t\t\t<\/div>\n\t\t<\/div>\n\t\t\t\t\t<\/div>\n\t\t<\/section>\n\t\t\t\t<section class=\"elementor-section elementor-top-section elementor-element elementor-element-9ddb619 elementor-section-full_width anchor-position elementor-section-height-default elementor-section-height-default elementor-invisible\" data-id=\"9ddb619\" data-element_type=\"section\" data-e-type=\"section\" data-settings=\"{&quot;animation&quot;:&quot;fadeIn&quot;}\">\n\t\t\t\t\t\t<div class=\"elementor-container elementor-column-gap-no\">\n\t\t\t\t\t<div class=\"elementor-column elementor-col-100 elementor-top-column elementor-element elementor-element-b03d58c\" data-id=\"b03d58c\" data-element_type=\"column\" data-e-type=\"column\">\n\t\t\t<div class=\"elementor-widget-wrap elementor-element-populated\">\n\t\t\t\t\t\t<div class=\"elementor-element elementor-element-e986344 elementor-widget-divider--view-line_text elementor-widget-divider--element-align-center elementor-widget elementor-widget-divider\" data-id=\"e986344\" data-element_type=\"widget\" data-e-type=\"widget\" data-widget_type=\"divider.default\">\n\t\t\t\t<div class=\"elementor-widget-container\">\n\t\t\t\t\t\t\t<div class=\"elementor-divider\">\n\t\t\t<span class=\"elementor-divider-separator\">\n\t\t\t\t\t\t\t<div class=\"elementor-divider__text elementor-divider__element\">\n\t\t\t\tTulevat Live Stream konsertit\t\t\t\t<\/div>\n\t\t\t\t\t\t<\/span>\n\t\t<\/div>\n\t\t\t\t\t\t<\/div>\n\t\t\t\t<\/div>\n\t\t\t\t\t<\/div>\n\t\t<\/div>\n\t\t\t\t\t<\/div>\n\t\t<\/section>\n\t\t\t\t<section class=\"elementor-section elementor-top-section elementor-element elementor-element-563443ec elementor-section-full_width elementor-section-height-default elementor-section-height-default elementor-invisible\" data-id=\"563443ec\" data-element_type=\"section\" data-e-type=\"section\" data-settings=\"{&quot;animation&quot;:&quot;fadeIn&quot;}\">\n\t\t\t\t\t\t<div class=\"elementor-container elementor-column-gap-no\">\n\t\t\t\t\t<div class=\"elementor-column elementor-col-100 elementor-top-column elementor-element elementor-element-37d7ab29\" data-id=\"37d7ab29\" data-element_type=\"column\" data-e-type=\"column\">\n\t\t\t<div class=\"elementor-widget-wrap elementor-element-populated\">\n\t\t\t\t\t\t<div class=\"elementor-element elementor-element-20cc261 elementor-widget elementor-widget-ucaddon_konsertit_blocks\" data-id=\"20cc261\" data-element_type=\"widget\" data-e-type=\"widget\" data-widget_type=\"ucaddon_konsertit_blocks.default\">\n\t\t\t\t<div class=\"elementor-widget-container\">\n\t\t\t\t\t\n<!-- start Konsertit blocks -->\n<style>\/* widget: Konsertit blocks *\/\n\n#uc_konsertit_blocks_elementor_20cc261 {\n    display:grid;\n\tgrid-template-columns: repeat(3, 1fr);\n}\n#uc_konsertit_blocks_elementor_20cc261 .ue_post_blocks_box\n{\n  \toverflow:hidden;\n  \tdisplay: flex;\n\tflex-direction: column;\n  \tposition: relative;\n}\n\n#uc_konsertit_blocks_elementor_20cc261 .ue_post_blocks_title\n{\n    min-height: auto;\n    margin-bottom: 10px;\n}\n\n#uc_konsertit_blocks_elementor_20cc261 .ue_post_blocks_image\n{\n  position: relative;\n  overflow:hidden;\n}\n#uc_konsertit_blocks_elementor_20cc261 .ue_post_blocks_image img\n{\n  object-fit: cover;\n  object-position:center center;\n  width:100%;\n  display:block;\n}\n\n#uc_konsertit_blocks_elementor_20cc261 .ue_post_blocks_link a\n{\n  display:;\n  text-decoration:none;\n  text-align:center;\n}\n\n #uc_konsertit_blocks_elementor_20cc261 .ue_post_blocks_box img\n{\n  transition:0.5s;\n}\n #uc_konsertit_blocks_elementor_20cc261 .ue_post_blocks_box:hover img\n{\n \/* transform:scale(1.1,1.1); *\/\n}\n\n\n\/* OMAT LIS\u00c4YKSET *\/\n#uc_konsertit_blocks_elementor_20cc261 .oma_buttons_block {\n  \tmargin-top: auto;\n  \tdisplay: inline-flex;\n  \tbottom: 5%;\n\tposition: absolute;\n}\n\n#uc_konsertit_blocks_elementor_20cc261 .blocks_buttons {\n\tdisplay: block;\n  \tmargin-right: 10px;\n}\n\n #uc_konsertit_blocks_elementor_20cc261 .ue_post_blocks_content{\n    display: flex;\n    flex-direction: column;\n    flex: 1;\n    width: 95%;\n    margin: -5% auto 0 auto;\n   \tz-index: 1;\n   \tposition: relative;\n\tmin-height: 350px;\n}\n\n #uc_konsertit_blocks_elementor_20cc261 .stream-logo {\n    position: absolute;\n    width: 45px;\n   top: 1%;\n   left: 1%;\n   z-index: 1;\n}\n\n@media screen and (max-width: 1024px) {\n  #uc_konsertit_blocks_elementor_20cc261 {\n  grid-template-columns: repeat(2, 1fr); \/* 2 *\/\n  }\n}\n\n@media screen and (max-width: 550px) {\n#uc_konsertit_blocks_elementor_20cc261 {\n\tgrid-template-columns: repeat(1, 1fr); \/* 1 *\/\n   }\n#uc_konsertit_blocks_elementor_20cc261 .ue_post_blocks_content{\n   \tposition: relative;\n\tmin-height: 300px;\n\t}\n}\n\n<\/style>\n\n<div id=\"uc_konsertit_blocks_elementor_20cc261\" class=\"ue_post_blocks\">\n\t\n<\/div>\n<!-- end Konsertit blocks -->\t\t\t\t<\/div>\n\t\t\t\t<\/div>\n\t\t\t\t\t<\/div>\n\t\t<\/div>\n\t\t\t\t\t<\/div>\n\t\t<\/section>\n\t\t\t\t<section class=\"elementor-section elementor-top-section elementor-element elementor-element-247e5c5 elementor-section-full_width anchor-position elementor-section-height-default elementor-section-height-default elementor-invisible\" data-id=\"247e5c5\" data-element_type=\"section\" data-e-type=\"section\" data-settings=\"{&quot;animation&quot;:&quot;fadeIn&quot;}\">\n\t\t\t\t\t\t<div class=\"elementor-container elementor-column-gap-no\">\n\t\t\t\t\t<div class=\"elementor-column elementor-col-100 elementor-top-column elementor-element elementor-element-91bad92\" data-id=\"91bad92\" data-element_type=\"column\" data-e-type=\"column\">\n\t\t\t<div class=\"elementor-widget-wrap elementor-element-populated\">\n\t\t\t\t\t\t<div class=\"elementor-element elementor-element-4a1d6f91 elementor-widget-divider--view-line_text elementor-widget-divider--element-align-center elementor-widget elementor-widget-divider\" data-id=\"4a1d6f91\" data-element_type=\"widget\" data-e-type=\"widget\" data-widget_type=\"divider.default\">\n\t\t\t\t<div class=\"elementor-widget-container\">\n\t\t\t\t\t\t\t<div class=\"elementor-divider\">\n\t\t\t<span class=\"elementor-divider-separator\">\n\t\t\t\t\t\t\t<div class=\"elementor-divider__text elementor-divider__element\">\n\t\t\t\tMenneet Live Stream konsertit\t\t\t\t<\/div>\n\t\t\t\t\t\t<\/span>\n\t\t<\/div>\n\t\t\t\t\t\t<\/div>\n\t\t\t\t<\/div>\n\t\t\t\t\t<\/div>\n\t\t<\/div>\n\t\t\t\t\t<\/div>\n\t\t<\/section>\n\t\t\t\t<section class=\"elementor-section elementor-top-section elementor-element elementor-element-f1c5c41 elementor-section-full_width elementor-section-height-default elementor-section-height-default elementor-invisible\" data-id=\"f1c5c41\" data-element_type=\"section\" data-e-type=\"section\" data-settings=\"{&quot;animation&quot;:&quot;fadeIn&quot;}\">\n\t\t\t\t\t\t<div class=\"elementor-container elementor-column-gap-no\">\n\t\t\t\t\t<div class=\"elementor-column elementor-col-100 elementor-top-column elementor-element elementor-element-8385206\" data-id=\"8385206\" data-element_type=\"column\" data-e-type=\"column\">\n\t\t\t<div class=\"elementor-widget-wrap elementor-element-populated\">\n\t\t\t\t\t\t<div class=\"elementor-element elementor-element-838f6da elementor-widget elementor-widget-ucaddon_konsertit_blocks\" data-id=\"838f6da\" data-element_type=\"widget\" data-e-type=\"widget\" data-widget_type=\"ucaddon_konsertit_blocks.default\">\n\t\t\t\t<div class=\"elementor-widget-container\">\n\t\t\t\t\t\n<!-- start Konsertit blocks -->\n<style>\/* widget: Konsertit blocks *\/\n\n#uc_konsertit_blocks_elementor_838f6da {\n    display:grid;\n\tgrid-template-columns: repeat(3, 1fr);\n}\n#uc_konsertit_blocks_elementor_838f6da .ue_post_blocks_box\n{\n  \toverflow:hidden;\n  \tdisplay: flex;\n\tflex-direction: column;\n  \tposition: relative;\n}\n\n#uc_konsertit_blocks_elementor_838f6da .ue_post_blocks_title\n{\n    min-height: auto;\n    margin-bottom: 10px;\n}\n\n#uc_konsertit_blocks_elementor_838f6da .ue_post_blocks_image\n{\n  position: relative;\n  overflow:hidden;\n}\n#uc_konsertit_blocks_elementor_838f6da .ue_post_blocks_image img\n{\n  object-fit: cover;\n  object-position:center center;\n  width:100%;\n  display:block;\n}\n\n#uc_konsertit_blocks_elementor_838f6da .ue_post_blocks_link a\n{\n  display:;\n  text-decoration:none;\n  text-align:center;\n}\n\n #uc_konsertit_blocks_elementor_838f6da .ue_post_blocks_box img\n{\n  transition:0.5s;\n}\n #uc_konsertit_blocks_elementor_838f6da .ue_post_blocks_box:hover img\n{\n \/* transform:scale(1.1,1.1); *\/\n}\n\n\n\/* OMAT LIS\u00c4YKSET *\/\n#uc_konsertit_blocks_elementor_838f6da .oma_buttons_block {\n  \tmargin-top: auto;\n  \tdisplay: inline-flex;\n  \tbottom: 5%;\n\tposition: absolute;\n}\n\n#uc_konsertit_blocks_elementor_838f6da .blocks_buttons {\n\tdisplay: block;\n  \tmargin-right: 10px;\n}\n\n #uc_konsertit_blocks_elementor_838f6da .ue_post_blocks_content{\n    display: flex;\n    flex-direction: column;\n    flex: 1;\n    width: 95%;\n    margin: -5% auto 0 auto;\n   \tz-index: 1;\n   \tposition: relative;\n\tmin-height: 350px;\n}\n\n #uc_konsertit_blocks_elementor_838f6da .stream-logo {\n    position: absolute;\n    width: 45px;\n   top: 1%;\n   left: 1%;\n   z-index: 1;\n}\n\n@media screen and (max-width: 1024px) {\n  #uc_konsertit_blocks_elementor_838f6da {\n  grid-template-columns: repeat(2, 1fr); \/* 2 *\/\n  }\n}\n\n@media screen and (max-width: 550px) {\n#uc_konsertit_blocks_elementor_838f6da {\n\tgrid-template-columns: repeat(1, 1fr); \/* 1 *\/\n   }\n#uc_konsertit_blocks_elementor_838f6da .ue_post_blocks_content{\n   \tposition: relative;\n\tmin-height: 300px;\n\t}\n}\n\n<\/style>\n\n<div id=\"uc_konsertit_blocks_elementor_838f6da\" class=\"ue_post_blocks\">\n\t \n\t\n\t\n\n       \n  \n\t<div class=\"ue_post_blocks_box ue_post_blocks_box_jazz\" style=\"text-align:left;\">\n        <div class=\"stream-logo\">  <a href=\"\">\n   \t\t<img decoding=\"async\" style=\"object-fit: contain\" src=\"https:\/\/www.omj.fi\/wp-content\/uploads\/2021\/07\/Kamera_symboli_valk_oma.png\" alt=\"\" title=\"\">  <\/a><\/div>\n  \n       \n      <div class=\"ue_post_blocks_image\">\n        <a href=\"https:\/\/www.omj.fi\/en\/konsertit\/jaakko-kuusiston-muistolle-viulukonserton-videotallenne\/\" style=\"display:block;\"><img decoding=\"async\" class=\"card-image\" src=\"https:\/\/www.omj.fi\/wp-content\/uploads\/2022\/02\/Jaakon-jaahyvaiset.jpg\" alt=\"\" title=\"\"><\/a>\n          <div class=\"konserttisarja konserttisarja_jazz\"> In memoriam <\/div>                <\/div>\n        <div class=\"ue_post_blocks_content ue_post_blocks_content_jazz\">\n    <div class=\"ue_post_blocks_title\"><a href=\"https:\/\/www.omj.fi\/en\/konsertit\/jaakko-kuusiston-muistolle-viulukonserton-videotallenne\/\">Jaakko Kuusiston muistolle <br> Viulukonserton videotallenne<\/a><\/div>    \n    <div class=\"ue_post_blocks_short_text\"><\/div>\n\n    <div class=\"konsertti_margin\">\n\n    <div class=\"ue_post_blocks_date tiedot\"><i class=\"fas fa-calendar-day oma-icon\"><\/i><span>28.02.2022 @ 13:00<\/span><\/div>    <div class=\"ue_post_blocks_date tiedot\"><i class=\"fas fa-map-pin oma-icon\"><\/i><span>verkkossa 11.3. saakka<\/span><\/div>    <div class=\"ue_post_blocks_date tiedot peruttu \" ><i class=\"fas fa-euro-sign oma-icon\"><\/i><span>maksuton<\/span><\/div>          <\/div>\n            \n    <div class=\"oma_buttons_block\">\n    \t<div class=\"blocks_buttons ue_post_blocks_button\"><a href=\"https:\/\/www.omj.fi\/en\/konsertit\/jaakko-kuusiston-muistolle-viulukonserton-videotallenne\/\">Lue lis\u00e4\u00e4<\/a><\/div>       <\/div>\n  <\/div>\n<\/div>\n       \n\n \n\t\n\t\t\n\t\n\n       \n  \n\t<div class=\"ue_post_blocks_box ue_post_blocks_box_jazz\" style=\"text-align:left;\">\n        <div class=\"stream-logo\">  <a href=\"\">\n   \t\t<img decoding=\"async\" style=\"object-fit: contain\" src=\"https:\/\/www.omj.fi\/wp-content\/uploads\/2021\/07\/Kamera_symboli_valk_oma.png\" alt=\"\" title=\"\">  <\/a><\/div>\n  \n       \n      <div class=\"ue_post_blocks_image\">\n        <a href=\"https:\/\/www.omj.fi\/en\/konsertit\/kadi-vija-key-project\/\" style=\"display:block;\"><img decoding=\"async\" class=\"card-image\" src=\"https:\/\/www.omj.fi\/wp-content\/uploads\/2021\/09\/Kadi-Vija-Key-Project.jpg\" alt=\"\" title=\"\"><\/a>\n          <div class=\"konserttisarja konserttisarja_jazz\"> Jazz &amp; Etno <\/div>                <\/div>\n        <div class=\"ue_post_blocks_content ue_post_blocks_content_jazz\">\n    <div class=\"ue_post_blocks_title\"><a href=\"https:\/\/www.omj.fi\/en\/konsertit\/kadi-vija-key-project\/\">KADI VIJA KEY PROJECT<\/a><\/div>    \n    <div class=\"ue_post_blocks_short_text\"><\/div>\n\n    <div class=\"konsertti_margin\">\n\n    <div class=\"ue_post_blocks_date tiedot\"><i class=\"fas fa-calendar-day oma-icon\"><\/i><span>05.05.2021 @ 19:00<\/span><\/div>    <div class=\"ue_post_blocks_date tiedot\"><i class=\"fas fa-map-pin oma-icon\"><\/i><span>Ravintola Rauhala<\/span><\/div>    <div class=\"ue_post_blocks_date tiedot peruttu \" ><i class=\"fas fa-euro-sign oma-icon\"><\/i><span>alk. 4,50 (stream)<\/span><\/div>          <\/div>\n            \n    <div class=\"oma_buttons_block\">\n    \t<div class=\"blocks_buttons ue_post_blocks_button\"><a href=\"https:\/\/www.omj.fi\/en\/konsertit\/kadi-vija-key-project\/\">Lue lis\u00e4\u00e4<\/a><\/div>       <\/div>\n  <\/div>\n<\/div>\n       \n\n \n\t\n\t\t\n\t\n\n       \n  \n\t<div class=\"ue_post_blocks_box ue_post_blocks_box_jazz\" style=\"text-align:left;\">\n        <div class=\"stream-logo\">  <a href=\"\">\n   \t\t<img decoding=\"async\" style=\"object-fit: contain\" src=\"https:\/\/www.omj.fi\/wp-content\/uploads\/2021\/07\/Kamera_symboli_valk_oma.png\" alt=\"\" title=\"\">  <\/a><\/div>\n  \n       \n      <div class=\"ue_post_blocks_image\">\n        <a href=\"https:\/\/www.omj.fi\/en\/konsertit\/timo-lassy-trio\/\" style=\"display:block;\"><img decoding=\"async\" class=\"card-image\" src=\"https:\/\/www.omj.fi\/wp-content\/uploads\/2021\/09\/Timo-Lassy-OMJ-Festivaali-2021.jpg\" alt=\"\" title=\"\"><\/a>\n          <div class=\"konserttisarja konserttisarja_jazz\"> OMJ 2021 <\/div>                <\/div>\n        <div class=\"ue_post_blocks_content ue_post_blocks_content_jazz\">\n    <div class=\"ue_post_blocks_title\"><a href=\"https:\/\/www.omj.fi\/en\/konsertit\/timo-lassy-trio\/\">TIMO LASSY TRIO<\/a><\/div>    \n    <div class=\"ue_post_blocks_short_text\"><\/div>\n\n    <div class=\"konsertti_margin\">\n\n    <div class=\"ue_post_blocks_date tiedot\"><i class=\"fas fa-calendar-day oma-icon\"><\/i><span>27.03.2021 @ 19:00<\/span><\/div>    <div class=\"ue_post_blocks_date tiedot\"><i class=\"fas fa-map-pin oma-icon\"><\/i><span>Oulun Musiikkikeskus, Madetojan sali<\/span><\/div>    <div class=\"ue_post_blocks_date tiedot peruttu \" ><i class=\"fas fa-euro-sign oma-icon\"><\/i><span>alk. 4,50 (stream)<\/span><\/div>          <\/div>\n            \n    <div class=\"oma_buttons_block\">\n    \t<div class=\"blocks_buttons ue_post_blocks_button\"><a href=\"https:\/\/www.omj.fi\/en\/konsertit\/timo-lassy-trio\/\">Lue lis\u00e4\u00e4<\/a><\/div>       <\/div>\n  <\/div>\n<\/div>\n       \n\n \n\t\n\t\t\n\t\n\n       \n  \n\t<div class=\"ue_post_blocks_box ue_post_blocks_box_jazz\" style=\"text-align:left;\">\n        <div class=\"stream-logo\">  <a href=\"\">\n   \t\t<img decoding=\"async\" style=\"object-fit: contain\" src=\"https:\/\/www.omj.fi\/wp-content\/uploads\/2021\/07\/Kamera_symboli_valk_oma.png\" alt=\"\" title=\"\">  <\/a><\/div>\n  \n       \n      <div class=\"ue_post_blocks_image\">\n        <a href=\"https:\/\/www.omj.fi\/en\/konsertit\/jaahyvaiset\/\" style=\"display:block;\"><img decoding=\"async\" class=\"card-image\" src=\"https:\/\/www.omj.fi\/wp-content\/uploads\/2021\/09\/Jaahyvaiset-OMJ-Festivaali-2021.jpg\" alt=\"\" title=\"\"><\/a>\n          <div class=\"konserttisarja konserttisarja_jazz\"> OMJ 2021 <\/div>                <\/div>\n        <div class=\"ue_post_blocks_content ue_post_blocks_content_jazz\">\n    <div class=\"ue_post_blocks_title\"><a href=\"https:\/\/www.omj.fi\/en\/konsertit\/jaahyvaiset\/\">J\u00c4\u00c4HYV\u00c4ISET<\/a><\/div>    \n    <div class=\"ue_post_blocks_short_text\"><\/div>\n\n    <div class=\"konsertti_margin\">\n\n    <div class=\"ue_post_blocks_date tiedot\"><i class=\"fas fa-calendar-day oma-icon\"><\/i><span>27.03.2021 @ 19:00<\/span><\/div>    <div class=\"ue_post_blocks_date tiedot\"><i class=\"fas fa-map-pin oma-icon\"><\/i><span>Oulun Musiikkikeskus, Madetojan sali<\/span><\/div>              <\/div>\n            \n    <div class=\"oma_buttons_block\">\n    \t<div class=\"blocks_buttons ue_post_blocks_button\"><a href=\"https:\/\/www.omj.fi\/en\/konsertit\/jaahyvaiset\/\">Lue lis\u00e4\u00e4<\/a><\/div>       <\/div>\n  <\/div>\n<\/div>\n       \n\n \n\t\n\t\t\n\t\n\n       \n  \n\t<div class=\"ue_post_blocks_box ue_post_blocks_box_jazz\" style=\"text-align:left;\">\n        <div class=\"stream-logo\">  <a href=\"\">\n   \t\t<img decoding=\"async\" style=\"object-fit: contain\" src=\"https:\/\/www.omj.fi\/wp-content\/uploads\/2021\/07\/Kamera_symboli_valk_oma.png\" alt=\"\" title=\"\">  <\/a><\/div>\n  \n       \n      <div class=\"ue_post_blocks_image\">\n        <a href=\"https:\/\/www.omj.fi\/en\/konsertit\/kamarikonsertti-iiranskalainen-iltapaiva\/\" style=\"display:block;\"><img decoding=\"async\" class=\"card-image\" src=\"https:\/\/www.omj.fi\/wp-content\/uploads\/2021\/02\/SenjaRummukainen_1920x1080.jpg\" alt=\"\" title=\"\"><\/a>\n          <div class=\"konserttisarja konserttisarja_jazz\"> OMJ 2021 <\/div>                <\/div>\n        <div class=\"ue_post_blocks_content ue_post_blocks_content_jazz\">\n    <div class=\"ue_post_blocks_title\"><a href=\"https:\/\/www.omj.fi\/en\/konsertit\/kamarikonsertti-iiranskalainen-iltapaiva\/\">Kamarikonsertti II<br>RANSKALAINEN ILTAP\u00c4IV\u00c4<\/a><\/div>    \n    <div class=\"ue_post_blocks_short_text\"><\/div>\n\n    <div class=\"konsertti_margin\">\n\n    <div class=\"ue_post_blocks_date tiedot\"><i class=\"fas fa-calendar-day oma-icon\"><\/i><span>21.03.2021 @ 15:00<\/span><\/div>    <div class=\"ue_post_blocks_date tiedot\"><i class=\"fas fa-map-pin oma-icon\"><\/i><span>Oulun Musiikkikeskus, Tulindbergin sali<\/span><\/div>    <div class=\"ue_post_blocks_date tiedot peruttu \" ><i class=\"fas fa-euro-sign oma-icon\"><\/i><span>alk. 4,50 (stream)<\/span><\/div>          <\/div>\n            \n    <div class=\"oma_buttons_block\">\n    \t<div class=\"blocks_buttons ue_post_blocks_button\"><a href=\"https:\/\/www.omj.fi\/en\/konsertit\/kamarikonsertti-iiranskalainen-iltapaiva\/\">Lue lis\u00e4\u00e4<\/a><\/div>       <\/div>\n  <\/div>\n<\/div>\n       \n\n \n\t\n\t\t\n\t\n\n       \n  \n\t<div class=\"ue_post_blocks_box ue_post_blocks_box_jazz\" style=\"text-align:left;\">\n        <div class=\"stream-logo\">  <a href=\"\">\n   \t\t<img decoding=\"async\" style=\"object-fit: contain\" src=\"https:\/\/www.omj.fi\/wp-content\/uploads\/2021\/07\/Kamera_symboli_valk_oma.png\" alt=\"\" title=\"\">  <\/a><\/div>\n  \n       \n      <div class=\"ue_post_blocks_image\">\n        <a href=\"https:\/\/www.omj.fi\/en\/konsertit\/oulu-all-star-big-band-camille-bertault-fra\/\" style=\"display:block;\"><img decoding=\"async\" class=\"card-image\" src=\"https:\/\/www.omj.fi\/wp-content\/uploads\/2021\/07\/CamilleBertault_1920x1080.jpg\" alt=\"\" title=\"\"><\/a>\n          <div class=\"konserttisarja konserttisarja_jazz\"> OMJ 2021 <\/div>                <\/div>\n        <div class=\"ue_post_blocks_content ue_post_blocks_content_jazz\">\n    <div class=\"ue_post_blocks_title\"><a href=\"https:\/\/www.omj.fi\/en\/konsertit\/oulu-all-star-big-band-camille-bertault-fra\/\">Oulu All Star Big Band &amp;<br>CAMILLE BERTAULT (FRA)<\/a><\/div>    \n    <div class=\"ue_post_blocks_short_text\"><\/div>\n\n    <div class=\"konsertti_margin\">\n\n    <div class=\"ue_post_blocks_date tiedot\"><i class=\"fas fa-calendar-day oma-icon\"><\/i><span>20.03.2021 @ 19:00<\/span><\/div>    <div class=\"ue_post_blocks_date tiedot\"><i class=\"fas fa-map-pin oma-icon\"><\/i><span>Oulun Musiikkikeskus, Madetojan sali<\/span><\/div>    <div class=\"ue_post_blocks_date tiedot peruttu \" ><i class=\"fas fa-euro-sign oma-icon\"><\/i><span>alk. 4,50 (stream)<\/span><\/div>          <\/div>\n            \n    <div class=\"oma_buttons_block\">\n    \t<div class=\"blocks_buttons ue_post_blocks_button\"><a href=\"https:\/\/www.omj.fi\/en\/konsertit\/oulu-all-star-big-band-camille-bertault-fra\/\">Lue lis\u00e4\u00e4<\/a><\/div>       <\/div>\n  <\/div>\n<\/div>\n       \n\n \n\t\n\t\t\n\t\n\n       \n  \n\t<div class=\"ue_post_blocks_box ue_post_blocks_box_jazz\" style=\"text-align:left;\">\n        <div class=\"stream-logo\">  <a href=\"\">\n   \t\t<img decoding=\"async\" style=\"object-fit: contain\" src=\"https:\/\/www.omj.fi\/wp-content\/uploads\/2021\/07\/Kamera_symboli_valk_oma.png\" alt=\"\" title=\"\">  <\/a><\/div>\n  \n       \n      <div class=\"ue_post_blocks_image\">\n        <a href=\"https:\/\/www.omj.fi\/en\/konsertit\/piazzolla-tango-nuevo\/\" style=\"display:block;\"><img decoding=\"async\" class=\"card-image\" src=\"https:\/\/www.omj.fi\/wp-content\/uploads\/2021\/02\/Piazzolla_1920x1080.jpg\" alt=\"\" title=\"\"><\/a>\n          <div class=\"konserttisarja konserttisarja_jazz\"> OMJ 2021 <\/div>                <\/div>\n        <div class=\"ue_post_blocks_content ue_post_blocks_content_jazz\">\n    <div class=\"ue_post_blocks_title\"><a href=\"https:\/\/www.omj.fi\/en\/konsertit\/piazzolla-tango-nuevo\/\">PIAZZOLLA!<br>\u2013 Tango Nuevo<\/a><\/div>    \n    <div class=\"ue_post_blocks_short_text\"><\/div>\n\n    <div class=\"konsertti_margin\">\n\n    <div class=\"ue_post_blocks_date tiedot\"><i class=\"fas fa-calendar-day oma-icon\"><\/i><span>19.03.2021 @ 19:00<\/span><\/div>    <div class=\"ue_post_blocks_date tiedot\"><i class=\"fas fa-map-pin oma-icon\"><\/i><span>Oulun Musiikkikeskus, Madetojan sali<\/span><\/div>    <div class=\"ue_post_blocks_date tiedot peruttu \" ><i class=\"fas fa-euro-sign oma-icon\"><\/i><span>alk. 4,50 (stream)<\/span><\/div>          <\/div>\n            \n    <div class=\"oma_buttons_block\">\n    \t<div class=\"blocks_buttons ue_post_blocks_button\"><a href=\"https:\/\/www.omj.fi\/en\/konsertit\/piazzolla-tango-nuevo\/\">Lue lis\u00e4\u00e4<\/a><\/div>       <\/div>\n  <\/div>\n<\/div>\n       \n\n \n\t\n\t\t\n\t\n\n       \n  \n\t<div class=\"ue_post_blocks_box ue_post_blocks_box_jazz\" style=\"text-align:left;\">\n        <div class=\"stream-logo\">  <a href=\"\">\n   \t\t<img decoding=\"async\" style=\"object-fit: contain\" src=\"https:\/\/www.omj.fi\/wp-content\/uploads\/2021\/07\/Kamera_symboli_valk_oma.png\" alt=\"\" title=\"\">  <\/a><\/div>\n  \n       \n      <div class=\"ue_post_blocks_image\">\n        <a href=\"https:\/\/www.omj.fi\/en\/konsertit\/barry-douglas-irl-oulu-sinfoniakeisarikonsertto\/\" style=\"display:block;\"><img decoding=\"async\" class=\"card-image\" src=\"https:\/\/www.omj.fi\/wp-content\/uploads\/2021\/02\/BarryDouglas_1920x1080.jpg\" alt=\"\" title=\"\"><\/a>\n          <div class=\"konserttisarja konserttisarja_jazz\"> OMJ 2021 <\/div>                <\/div>\n        <div class=\"ue_post_blocks_content ue_post_blocks_content_jazz\">\n    <div class=\"ue_post_blocks_title\"><a href=\"https:\/\/www.omj.fi\/en\/konsertit\/barry-douglas-irl-oulu-sinfoniakeisarikonsertto\/\">Barry Douglas (IRL) &amp;<br>Oulu Sinfonia<br>KEISARIKONSERTTO<\/a><\/div>    \n    <div class=\"ue_post_blocks_short_text\"><\/div>\n\n    <div class=\"konsertti_margin\">\n\n    <div class=\"ue_post_blocks_date tiedot\"><i class=\"fas fa-calendar-day oma-icon\"><\/i><span>18.03.2021 @ 19:00<\/span><\/div>    <div class=\"ue_post_blocks_date tiedot\"><i class=\"fas fa-map-pin oma-icon\"><\/i><span>Oulun Musiikkikeskus, Madetojan sali<\/span><\/div>    <div class=\"ue_post_blocks_date tiedot peruttu \" ><i class=\"fas fa-euro-sign oma-icon\"><\/i><span>maksuton<\/span><\/div>          <\/div>\n            \n    <div class=\"oma_buttons_block\">\n    \t<div class=\"blocks_buttons ue_post_blocks_button\"><a href=\"https:\/\/www.omj.fi\/en\/konsertit\/barry-douglas-irl-oulu-sinfoniakeisarikonsertto\/\">Lue lis\u00e4\u00e4<\/a><\/div>       <\/div>\n  <\/div>\n<\/div>\n       \n\n \n\t\n\t\t\n\t\n\n       \n  \n\t<div class=\"ue_post_blocks_box ue_post_blocks_box_jazz\" style=\"text-align:left;\">\n        <div class=\"stream-logo\">  <a href=\"\">\n   \t\t<img decoding=\"async\" style=\"object-fit: contain\" src=\"https:\/\/www.omj.fi\/wp-content\/uploads\/2021\/07\/Kamera_symboli_valk_oma.png\" alt=\"\" title=\"\">  <\/a><\/div>\n  \n       \n      <div class=\"ue_post_blocks_image\">\n        <a href=\"https:\/\/www.omj.fi\/en\/konsertit\/kamarikonsertti-ivuodenaikoja-ja-nayttelykuvia\/\" style=\"display:block;\"><img decoding=\"async\" class=\"card-image\" src=\"https:\/\/www.omj.fi\/wp-content\/uploads\/2021\/02\/ElinaVahala_1920x1080.jpg\" alt=\"\" title=\"\"><\/a>\n          <div class=\"konserttisarja konserttisarja_jazz\"> OMJ 2021 <\/div>                <\/div>\n        <div class=\"ue_post_blocks_content ue_post_blocks_content_jazz\">\n    <div class=\"ue_post_blocks_title\"><a href=\"https:\/\/www.omj.fi\/en\/konsertit\/kamarikonsertti-ivuodenaikoja-ja-nayttelykuvia\/\">Kamarikonsertti I<br>VUODENAIKOJA JA N\u00c4YTTELYKUVIA<\/a><\/div>    \n    <div class=\"ue_post_blocks_short_text\"><\/div>\n\n    <div class=\"konsertti_margin\">\n\n    <div class=\"ue_post_blocks_date tiedot\"><i class=\"fas fa-calendar-day oma-icon\"><\/i><span>17.03.2021 @ 19:00<\/span><\/div>    <div class=\"ue_post_blocks_date tiedot\"><i class=\"fas fa-map-pin oma-icon\"><\/i><span>Oulun Musiikkikeskus, Tulindbergin sali<\/span><\/div>    <div class=\"ue_post_blocks_date tiedot peruttu \" ><i class=\"fas fa-euro-sign oma-icon\"><\/i><span>alk. 4,50 (stream)<\/span><\/div>          <\/div>\n            \n    <div class=\"oma_buttons_block\">\n    \t<div class=\"blocks_buttons ue_post_blocks_button\"><a href=\"https:\/\/www.omj.fi\/en\/konsertit\/kamarikonsertti-ivuodenaikoja-ja-nayttelykuvia\/\">Lue lis\u00e4\u00e4<\/a><\/div>       <\/div>\n  <\/div>\n<\/div>\n       \n\n\n<\/div>\n<!-- end Konsertit blocks -->\t\t\t\t<\/div>\n\t\t\t\t<\/div>\n\t\t\t\t\t<\/div>\n\t\t<\/div>\n\t\t\t\t\t<\/div>\n\t\t<\/section>\n\t\t\t\t<\/div>\n\t\t","protected":false},"excerpt":{"rendered":"<p>Live Stream Oulun Musiikkijuhlat j\u00e4rjest\u00e4\u00e4 perinteisten yleis\u00f6konserttien lis\u00e4ksi my\u00f6s live-stream verkkokonsertteja, joihin yleis\u00f6 voi osallistua kotisohvalta, mist\u00e4 p\u00e4in maailmaa tahansa! T\u00e4lt\u00e4 sivulta l\u00f6yd\u00e4t tulevat stream-konsertit sek\u00e4 tietoa aiemmista verkkokonserteista. Tulevat Live Stream konsertit OMJ 2022 OMJ 2022 Ohjelmiston Julkistus 18.01.2022 @ 18:30 Teatteri Rio Lue lis\u00e4\u00e4 Osta lippu Osta stream Jazz &amp; Etno JUKKA PERKO [&hellip;]<\/p>\n","protected":false},"author":1,"featured_media":0,"parent":0,"menu_order":0,"comment_status":"closed","ping_status":"closed","template":"elementor_header_footer","meta":{"_acf_changed":false,"footnotes":""},"class_list":["post-794","page","type-page","status-publish","hentry"],"acf":[],"_links":{"self":[{"href":"https:\/\/www.omj.fi\/en\/wp-json\/wp\/v2\/pages\/794","targetHints":{"allow":["GET"]}}],"collection":[{"href":"https:\/\/www.omj.fi\/en\/wp-json\/wp\/v2\/pages"}],"about":[{"href":"https:\/\/www.omj.fi\/en\/wp-json\/wp\/v2\/types\/page"}],"author":[{"embeddable":true,"href":"https:\/\/www.omj.fi\/en\/wp-json\/wp\/v2\/users\/1"}],"replies":[{"embeddable":true,"href":"https:\/\/www.omj.fi\/en\/wp-json\/wp\/v2\/comments?post=794"}],"version-history":[{"count":3,"href":"https:\/\/www.omj.fi\/en\/wp-json\/wp\/v2\/pages\/794\/revisions"}],"predecessor-version":[{"id":12430,"href":"https:\/\/www.omj.fi\/en\/wp-json\/wp\/v2\/pages\/794\/revisions\/12430"}],"wp:attachment":[{"href":"https:\/\/www.omj.fi\/en\/wp-json\/wp\/v2\/media?parent=794"}],"curies":[{"name":"wp","href":"https:\/\/api.w.org\/{rel}","templated":true}]}}