{"id":6901,"date":"2021-09-22T12:35:10","date_gmt":"2021-09-22T09:35:10","guid":{"rendered":"https:\/\/www.omj.fi\/?page_id=6901"},"modified":"2024-03-28T20:43:20","modified_gmt":"2024-03-28T18:43:20","slug":"historia","status":"publish","type":"page","link":"https:\/\/www.omj.fi\/en\/historia\/","title":{"rendered":"History"},"content":{"rendered":"<div data-elementor-type=\"wp-page\" data-elementor-id=\"6901\" class=\"elementor elementor-6901\">\n\t\t\t\t\t\t<section class=\"elementor-section elementor-top-section elementor-element elementor-element-7ef2286 elementor-section-full_width elementor-section-height-default elementor-section-height-default elementor-invisible\" data-id=\"7ef2286\" data-element_type=\"section\" data-e-type=\"section\" data-settings=\"{&quot;animation&quot;:&quot;fadeIn&quot;,&quot;background_background&quot;:&quot;classic&quot;}\">\n\t\t\t\t\t\t\t<div class=\"elementor-background-overlay\"><\/div>\n\t\t\t\t\t\t\t<div class=\"elementor-container elementor-column-gap-no\">\n\t\t\t\t\t<div class=\"elementor-column elementor-col-100 elementor-top-column elementor-element elementor-element-45a4d5e\" data-id=\"45a4d5e\" data-element_type=\"column\" data-e-type=\"column\">\n\t\t\t<div class=\"elementor-widget-wrap elementor-element-populated\">\n\t\t\t\t\t\t<section class=\"elementor-section elementor-inner-section elementor-element elementor-element-070efbe elementor-section-full_width elementor-section-height-min-height elementor-section-height-default\" data-id=\"070efbe\" data-element_type=\"section\" data-e-type=\"section\">\n\t\t\t\t\t\t<div class=\"elementor-container elementor-column-gap-no\">\n\t\t\t\t\t<div class=\"elementor-column elementor-col-50 elementor-inner-column elementor-element elementor-element-f0eb26e\" data-id=\"f0eb26e\" data-element_type=\"column\" data-e-type=\"column\">\n\t\t\t<div class=\"elementor-widget-wrap elementor-element-populated\">\n\t\t\t\t\t\t<div class=\"elementor-element elementor-element-022cfcd elementor-widget elementor-widget-heading\" data-id=\"022cfcd\" data-element_type=\"widget\" data-e-type=\"widget\" data-widget_type=\"heading.default\">\n\t\t\t\t<div class=\"elementor-widget-container\">\n\t\t\t\t\t<h2 class=\"elementor-heading-title elementor-size-default\">History of Oulu Music Festival<\/h2>\t\t\t\t<\/div>\n\t\t\t\t<\/div>\n\t\t\t\t<div class=\"elementor-element elementor-element-cda0600 elementor-widget elementor-widget-text-editor\" data-id=\"cda0600\" data-element_type=\"widget\" data-e-type=\"widget\" data-widget_type=\"text-editor.default\">\n\t\t\t\t<div class=\"elementor-widget-container\">\n\t\t\t\t\t\t\t\t\t<p>This page contains glimpses from along the more than thirty-years long history of Oulu Music Festival. What kind of program has been heard over the years, how the visual appearance of the festival has looked like at different times and how the artistic directors of different times have developed the music festival. Welcome to learn about the history of festival!<\/p>\t\t\t\t\t\t\t\t<\/div>\n\t\t\t\t<\/div>\n\t\t\t\t<div class=\"elementor-element elementor-element-7b3efd1 elementor-hidden-desktop elementor-hidden-tablet elementor-widget elementor-widget-heading\" data-id=\"7b3efd1\" data-element_type=\"widget\" data-e-type=\"widget\" data-widget_type=\"heading.default\">\n\t\t\t\t<div class=\"elementor-widget-container\">\n\t\t\t\t\t<h4 class=\"elementor-heading-title elementor-size-default\"><a href=\"https:\/\/www.omj.fi\/en\/historialehti2022\/\">Lataa historialehti<\/a><\/h4>\t\t\t\t<\/div>\n\t\t\t\t<\/div>\n\t\t\t\t\t<\/div>\n\t\t<\/div>\n\t\t\t\t<div class=\"make-column-clickable-elementor elementor-column elementor-col-50 elementor-inner-column elementor-element elementor-element-f3e3a74 elementor-hidden-mobile elementor-invisible\" style=\"cursor: pointer;\" data-column-clickable=\"https:\/\/www.omj.fi\/historialehti2022\" data-column-clickable-blank=\"_blank\" data-id=\"f3e3a74\" data-element_type=\"column\" data-e-type=\"column\" data-settings=\"{&quot;background_background&quot;:&quot;classic&quot;,&quot;animation&quot;:&quot;fadeIn&quot;}\">\n\t\t\t<div class=\"elementor-widget-wrap elementor-element-populated\">\n\t\t\t\t\t\t<div class=\"elementor-element elementor-element-78d137d elementor-widget elementor-widget-heading\" data-id=\"78d137d\" data-element_type=\"widget\" data-e-type=\"widget\" data-widget_type=\"heading.default\">\n\t\t\t\t<div class=\"elementor-widget-container\">\n\t\t\t\t\t<h4 class=\"elementor-heading-title elementor-size-default\"><a href=\"https:\/\/www.omj.fi\/en\/historialehti2022\/\" target=\"_blank\" rel=\"nofollow\">Lataa historialehti<\/a><\/h4>\t\t\t\t<\/div>\n\t\t\t\t<\/div>\n\t\t\t\t\t<\/div>\n\t\t<\/div>\n\t\t\t\t\t<\/div>\n\t\t<\/section>\n\t\t\t\t<div class=\"elementor-element elementor-element-e04ebfd elementor-widget elementor-widget-text-editor\" data-id=\"e04ebfd\" data-element_type=\"widget\" data-e-type=\"widget\" data-widget_type=\"text-editor.default\">\n\t\t\t\t<div class=\"elementor-widget-container\">\n\t\t\t\t\t\t\t\t\t<p>Jump to different eras by using the arrow buttons on the sides<\/p>\t\t\t\t\t\t\t\t<\/div>\n\t\t\t\t<\/div>\n\t\t\t\t<div class=\"elementor-element elementor-element-d75e4ff historia-template elementor-widget elementor-widget-ucaddon_uc_video_content_slider_historia\" data-id=\"d75e4ff\" data-element_type=\"widget\" data-e-type=\"widget\" data-widget_type=\"ucaddon_uc_video_content_slider_historia.default\">\n\t\t\t\t<div class=\"elementor-widget-container\">\n\t\t\t\t\t\n<!-- start Historia Slider -->\n\t\t<link id='font-awesome-css' href='https:\/\/www.omj.fi\/wp-content\/plugins\/unlimited-elements-for-elementor-premium\/assets_libraries\/font-awesome6\/fontawesome-all.min.css' type='text\/css' rel='stylesheet' >\n\t\t<link id='font-awesome-4-shim-css' href='https:\/\/www.omj.fi\/wp-content\/plugins\/unlimited-elements-for-elementor-premium\/assets_libraries\/font-awesome6\/fontawesome-v4-shims.min.css' type='text\/css' rel='stylesheet' >\n\t\t<link id='owl-carousel-css' href='https:\/\/www.omj.fi\/wp-content\/plugins\/unlimited-elements-for-elementor-premium\/assets_libraries\/owl-carousel\/assets\/owl.carousel.css' type='text\/css' rel='stylesheet' >\n\t\t<link id='fancybox-css' href='https:\/\/www.omj.fi\/wp-content\/plugins\/unlimited-elements-for-elementor-premium\/assets_libraries\/fancybox3\/jquery.fancybox.min.css' type='text\/css' rel='stylesheet' >\n\n<style>\/* widget: Historia Slider *\/\n\n#uc_uc_video_content_slider_historia_elementor_d75e4ff.uc_video_content_slider .uc_video_content_slider_holder{\n  \tmargin: 0 auto;\n}\n\n#uc_uc_video_content_slider_historia_elementor_d75e4ff *{\n\tbox-sizing: border-box;\n}\n\n#uc_uc_video_content_slider_historia_elementor_d75e4ff .uc_video_content_slider_holder .uc_video_content_slider_box{\n\toverflow: hidden;\n\tposition: relative;\n\tdisplay: flex;\n    flex-direction: row;\n}\n\n\n#uc_uc_video_content_slider_historia_elementor_d75e4ff .uc_video_content_slider_holder .uc_content_box{\n\twidth: 50%;\n\tposition: relative;\n\tz-index: 2;\n    display:flex;\n    justify-content:center;\n    align-items:top;\n}\n#uc_uc_video_content_slider_historia_elementor_d75e4ff .uc_video_content_slider_holder .uc_content{\n  \n}\n.uc_title{\n\tfont-size: 25px;\n}\n\n#uc_uc_video_content_slider_historia_elementor_d75e4ff .uc_video_content_slider_holder .uc_btn{\n\t\n\ttext-align: center;\n\tdisplay:inline-block;\n\ttext-decoration: none;\n\n}\n\n#uc_uc_video_content_slider_historia_elementor_d75e4ff .uc_video_content_slider_holder .uc_video_box{\n\twidth: 50%;\n\tposition: relative;\n\tz-index: 1;\n    display:flex;\n    align-items:strech;\n}\n#uc_uc_video_content_slider_historia_elementor_d75e4ff .uc_video_content_slider_holder .uc_video_image{\n\twidth: 100%;\n\tbackground-repeat: no-repeat;\n\tbackground-position: center center;\n\tbackground-size: cover;\n}\n#uc_uc_video_content_slider_historia_elementor_d75e4ff .uc_video_content_slider_holder .uc_play_video{\n\tposition: absolute;\n\tleft: 50%;\n\ttop: 50%;\n\ttransform: translate(-50%, -50%);\n\t-webkit-transform: translate(-50%, -50%);\n\tfont-size: 87px;\n\tcolor: #fff;\n}\n#uc_uc_video_content_slider_historia_elementor_d75e4ff .uc_play_video{\n\tbackground: url(https:\/\/www.omj.fi\/wp-content\/uploads\/ac_assets\/uc_video_content_slider\/\/play-btn.png) no-repeat 0 0;\n\twidth: 87px;\n\theight: 87px;\n\tbackground-size: cover;\n}\n\n\n\n\n#uc_uc_video_content_slider_historia_elementor_d75e4ff .owl-carousel .owl-nav .owl-prev{\n    position:absolute;\n    left:-70px;\n    display:inline-block;\n    text-align:center;\n    transform: translateY(-50%);\n}\n#uc_uc_video_content_slider_historia_elementor_d75e4ff .owl-carousel .owl-nav .owl-next{\n  position:absolute;\n    right:-70px;\n  display:inline-block;\n  text-align:center;\n  transform: translateY(-50%);\n}\n\n\n\n#uc_uc_video_content_slider_historia_elementor_d75e4ff .owl-dots {\noverflow:hidden;\n display:true !important;\ntext-align:center;\n}\n\n#uc_uc_video_content_slider_historia_elementor_d75e4ff .owl-dot {\nborder-radius:50%;\ndisplay:inline-block;\n}\n\n\n\n@media screen and (max-width: 1024px) {\n  #uc_uc_video_content_slider_historia_elementor_d75e4ff .uc_video_content_slider_holder .uc_video_content_slider_box{\n\tflex-direction:column;\n  }\n  \n  \n#uc_uc_video_content_slider_historia_elementor_d75e4ff .uc_video_content_slider_holder .uc_content_box{\n\twidth: 100%;\n\t\n}\n\n\n#uc_uc_video_content_slider_historia_elementor_d75e4ff .uc_video_content_slider_holder .uc_video_box{\n\twidth: 100%;\n}\n}\n\n<\/style>\n\n<div class=\"uc_video_content_slider\" id=\"uc_uc_video_content_slider_historia_elementor_d75e4ff\">\n  <div class=\"uc_video_content_slider_holder owl-carousel owl-theme\">\n\t<div class=\"uc_video_content_slider_box\">\n      <div class=\"uc_content_box\">\n        <div class=\"uc_content\">\n          <div class=\"uc_title\">Madetoja  Week, the predecessor of Oulu Music Festival<\/div>          <div class=\"uc_paragraph\"><p>The Oulu Music Festival was preceded by a total of seven Madetoja Week events, which were held for the first time in 1984.<\/p><p><strong>THE RELATED \u201dTREASURES OF ARCHIVES\u201d ARTICLES<\/strong><\/p><p><a class=\"popup\" href=\"https:\/\/www.omj.fi\/en\/historia\/aika-ennen-musiikkijuhlia\/\"><strong><span style=\"text-decoration: underline;\">Madetoja Week 1984-1990<\/span><\/strong><\/a><\/p><p><strong><a class=\"popup\" href=\"https:\/\/www.omj.fi\/en\/historia\/madetojan-viikosta-oulun-musiikkijuhliksi\/\"><span style=\"text-decoration: underline;\">From Madetoja Week to Oulu Music Festival<\/span><\/a><\/strong><\/p><\/div>                  <\/div>\n      <\/div>\n\n      <div class=\"uc_video_box\">\n        <div class=\"uc_video_image\" style=\"background-image: url(https:\/\/www.omj.fi\/wp-content\/uploads\/2021\/09\/1990-ja-ennen-Madetojan-viikot-final.jpg);\"><\/div>\n              <\/div>\n    <\/div>\n<div class=\"uc_video_content_slider_box\">\n      <div class=\"uc_content_box\">\n        <div class=\"uc_content\">\n          <div class=\"uc_title\">The period of Seppo Kimanen 1991 \u2013 1994<\/div>          <div class=\"uc_paragraph\"><p>Seppo Kimanen, the founder and long-term director of the Kuhmo Chamber Music, was the first Artistic Director of the Oulu Music Festival. He wanted to keep the basic line of the festival the same as it was in the Madetoja Week, and believed that high-quality musical content and talented artists would create a good spirit for the event, and with it, bring more audience to the concerts.<\/p><p><strong>RELATED \u201dTREASURES OF ARCHIVES\u201d ARTICLES<\/strong><\/p><p><span style=\"text-decoration: underline;\"><strong><a class=\"popup\" href=\"https:\/\/www.omj.fi\/en\/historia\/seppo-kimasen-kausi-oulun-musiikkijuhlat-1991\/\">Oulu Music Festival 1991<\/a><\/strong><\/span><\/p><p><a class=\"popup\" href=\"https:\/\/www.omj.fi\/en\/historia\/seppo-kimasen-kausi-oulun-musiikkijuhlat-1992\/\"><span style=\"text-decoration: underline;\"><strong>Oulu Music Festival 1992<\/strong><\/span><\/a><\/p><p><a class=\"popup\" href=\"https:\/\/www.omj.fi\/en\/historia\/oulun-musiikkijuhlat-1993\/\"><span style=\"text-decoration: underline;\"><strong>Oulu Music Festival 1993<\/strong><\/span><\/a><\/p><p><a class=\"popup\" href=\"https:\/\/www.omj.fi\/en\/historia\/oulun-musiikkijuhlat-1994\/\"><span style=\"text-decoration: underline;\"><strong>Oulu Music Festival 1994<\/strong><\/span><\/a><\/p><\/div>                  <\/div>\n      <\/div>\n\n      <div class=\"uc_video_box\">\n        <div class=\"uc_video_image\" style=\"background-image: url(https:\/\/www.omj.fi\/wp-content\/uploads\/2021\/09\/1991-OMJ-final.jpg);\"><\/div>\n              <\/div>\n    <\/div>\n<div class=\"uc_video_content_slider_box\">\n      <div class=\"uc_content_box\">\n        <div class=\"uc_content\">\n          <div class=\"uc_title\">The period of Ismo Sir\u00e9n 1995 \u2013 2001<\/div>          <div class=\"uc_paragraph\"><p>Violinist Ismo Sir\u00e9n, who was already organizing the year 1994 festival together with Seppo Kimanen, acted as the Artistic Director of Oulu Music Festival from 1995 to 2001. Sir\u00e9n always strived to bring high quality artists with most interesting repertoire to the music festival, within the framework created by a limited budget.<\/p><p><strong>THE RELATED \u201dTREASURES OF ARCHIVES\u201d ARTICLES<\/strong><\/p><p><a class=\"popup\" href=\"https:\/\/www.omj.fi\/en\/historia\/oulun-musiikkijuhlat-1995\/\"><span style=\"text-decoration: underline;\"><strong>Oulu Music Festival 1995<\/strong><\/span><\/a><\/p><p><a class=\"popup\" href=\"https:\/\/www.omj.fi\/en\/historia\/oulun-musiikkijuhlat-1996\/\"><span style=\"text-decoration: underline;\"><strong>Oulu Music Festival 1996<\/strong><\/span><\/a><\/p><p><a class=\"popup\" href=\"https:\/\/www.omj.fi\/en\/historia\/oulun-musiikkijuhlat-1997\/\"><span style=\"text-decoration: underline;\"><strong>Oulu Music Festival 1997<\/strong><\/span><\/a><\/p><p><a class=\"popup\" href=\"https:\/\/www.omj.fi\/en\/historia\/oulun-musiikkijuhlat-1998\/\"><span style=\"text-decoration: underline;\"><strong>Oulu Music Festival 1998<\/strong><\/span><\/a><\/p><p><a class=\"popup\" href=\"https:\/\/www.omj.fi\/en\/historia\/oulun-musiikkijuhlat-1999\/\"><span style=\"text-decoration: underline;\"><strong>Oulu Music Festival 1999<\/strong><\/span><\/a><\/p><p><a class=\"popup\" href=\"https:\/\/www.omj.fi\/en\/historia\/oulun-musiikkijuhlat-2000\/\"><span style=\"text-decoration: underline;\"><strong>Oulu Music Festival 2000<\/strong><\/span><\/a><\/p><p><a class=\"popup\" href=\"https:\/\/www.omj.fi\/en\/historia\/oulun-musiikkijuhlat-2001\/\"><span style=\"text-decoration: underline;\"><strong>Oulu Music Festival 2001<\/strong><\/span><\/a><\/p><\/div>                  <\/div>\n      <\/div>\n\n      <div class=\"uc_video_box\">\n        <div class=\"uc_video_image\" style=\"background-image: url(https:\/\/www.omj.fi\/wp-content\/uploads\/2021\/11\/2000-OMJ-final.jpg);\"><\/div>\n              <\/div>\n    <\/div>\n<div class=\"uc_video_content_slider_box\">\n      <div class=\"uc_content_box\">\n        <div class=\"uc_content\">\n          <div class=\"uc_title\">The period of Mika R\u00e4nn\u00e4li 2002 \u2013 2008<\/div>          <div class=\"uc_paragraph\"><p>After Ismo Sir\u00e9n, Mika R\u00e4nn\u00e4li, a pianist with a background in Oulu and then living in New York, started as the new Artistic Director of Oulu Music Festival. The program of the festivals often included Latin rhythms, and the program was aimed at reaching the widest possible audience.<\/p><p><span style=\"color: #000000;\"><span style=\"font-size: medium;\"><span lang=\"fi-FI\">\u00a0<\/span><\/span><\/span><strong>THE RELATED \u201dTREASURES OF ARCHIVES\u201d ARTICLES<\/strong><\/p><p><span style=\"text-decoration: underline;\"><strong><a class=\"popup\" href=\"https:\/\/www.omj.fi\/en\/historia\/oulun-musiikkijuhlat-2002\/\">Oulu Music Festival 2002<\/a><\/strong><\/span><\/p><p><a class=\"popup\" href=\"https:\/\/www.omj.fi\/en\/historia\/oulun-musiikkijuhlat-2003\/\"><span style=\"text-decoration: underline;\"><strong>Oulu Music Festival 2003<\/strong><\/span><\/a><\/p><p><a class=\"popup\" href=\"https:\/\/www.omj.fi\/en\/historia\/oulun-musiikkijuhlat-2004\/\"><span style=\"text-decoration: underline;\"><strong>Oulu Music Festival 2004<\/strong><\/span><\/a><\/p><p><a class=\"popup\" href=\"https:\/\/www.omj.fi\/en\/historia\/oulun-musiikkijuhlat-2005\/\"><span style=\"text-decoration: underline;\"><strong>Oulu Music Festival 2005<\/strong><\/span><\/a><\/p><p><a class=\"popup\" href=\"https:\/\/www.omj.fi\/en\/historia\/oulun-musiikkijuhlat-2006\/\"><span style=\"text-decoration: underline;\"><strong>Oulu Music Festival 2006<\/strong><\/span><\/a><\/p><p><a class=\"popup\" href=\"https:\/\/www.omj.fi\/en\/historia\/oulun-musiikkijuhlat-2007\/\"><span style=\"text-decoration: underline;\"><strong>Oulu Music Festival 2007<\/strong><\/span><\/a><\/p><p><a class=\"popup\" href=\"https:\/\/www.omj.fi\/en\/historia\/oulun-musiikkijuhlat-2008\/\"><span style=\"text-decoration: underline;\"><strong>Oulu Music Festival 2008<\/strong><\/span><\/a><\/p><\/div>                  <\/div>\n      <\/div>\n\n      <div class=\"uc_video_box\">\n        <div class=\"uc_video_image\" style=\"background-image: url(https:\/\/www.omj.fi\/wp-content\/uploads\/2021\/11\/2008-OMJ-final-2.jpg);\"><\/div>\n              <\/div>\n    <\/div>\n<div class=\"uc_video_content_slider_box\">\n      <div class=\"uc_content_box\">\n        <div class=\"uc_content\">\n          <div class=\"uc_title\">The period of Niko Kumpuvaara 2009 \u2013 2012<\/div>          <div class=\"uc_paragraph\"><p>In 2009, Niko Kumpuvaara, an accordion artist originally from Oulu, started as the new Artistic Director of Oulu Music Festival. Like his predecessor, he sought to bring together a high-quality program and rising future names to the festival. He also wanted to bring more newer music to the program.<\/p><p><strong>THE RELATED \u201dTREASURES OF ARCHIVES\u201d ARTICLES<\/strong><\/p><p><a class=\"popup\" href=\"https:\/\/www.omj.fi\/en\/historia\/oulun-musiikkijuhlat-2009\/\"><span style=\"text-decoration: underline;\"><strong>Oulu Music Festival 2009<\/strong><\/span><\/a><\/p><p><a class=\"popup\" href=\"https:\/\/www.omj.fi\/en\/historia\/oulun-musiikkijuhlat-2010\/\"><span style=\"text-decoration: underline;\"><strong>Oulu Music Festival 2010<\/strong><\/span><\/a><\/p><p><a class=\"popup\" href=\"https:\/\/www.omj.fi\/en\/historia\/oulun-musiikkijuhlat-2011\/\"><span style=\"text-decoration: underline;\"><strong>Oulu Music Festival 2011<\/strong><\/span><\/a><\/p><p><a class=\"popup\" href=\"https:\/\/www.omj.fi\/en\/historia\/oulun-musiikkijuhlat-2012\/\"><span style=\"text-decoration: underline;\"><strong>Oulu Music Festival 2012<\/strong><\/span><\/a><\/p><\/div>                  <\/div>\n      <\/div>\n\n      <div class=\"uc_video_box\">\n        <div class=\"uc_video_image\" style=\"background-image: url(https:\/\/www.omj.fi\/wp-content\/uploads\/2021\/11\/2009-OMJ-final-2.jpg);\"><\/div>\n              <\/div>\n    <\/div>\n<div class=\"uc_video_content_slider_box\">\n      <div class=\"uc_content_box\">\n        <div class=\"uc_content\">\n          <div class=\"uc_title\">The period of Jaakko Kuusisto 2013 \u2013 2021<\/div>          <div class=\"uc_paragraph\"><p>Violinist, composer and conductor Jaakko Kuusisto started as the new Artistic Director at the 2013 Oulu Music Festival. During his period, the festival's program expanded even further. In addition to concerts, there were international master classes for young talents, in the fields of both classical and rhythm music.<span style=\"color: #000000;\"><span style=\"font-size: medium;\">\u00a0<\/span><\/span><\/p><p><strong>THE RELATED \u201dTREASURES OF ARCHIVES\u201d ARTICLES<\/strong><\/p><p><a class=\"popup\" href=\"https:\/\/www.omj.fi\/en\/historia\/oulun-musiikkijuhlat-2013\/\"><span style=\"text-decoration: underline;\"><strong>Oulu Music Festival 2013<\/strong><\/span><\/a><\/p><p><a class=\"popup\" href=\"https:\/\/www.omj.fi\/en\/historia\/oulun-musiikkijuhlat-2014\/\"><span style=\"text-decoration: underline;\"><strong>Oulu Music Festival 2014<\/strong><\/span><\/a><\/p><p><a class=\"popup\" href=\"https:\/\/www.omj.fi\/en\/historia\/oulun-musiikkijuhlat-2015\/\"><span style=\"text-decoration: underline;\"><strong>Oulu Music Festival 2015<\/strong><\/span><\/a><\/p><p><a class=\"popup\" href=\"https:\/\/www.omj.fi\/en\/historia\/oulun-musiikkijuhlat-2016\/\"><span style=\"text-decoration: underline;\"><strong>Oulu Music Festival 2016<\/strong><\/span><\/a><\/p><p><a class=\"popup\" href=\"https:\/\/www.omj.fi\/en\/historia\/oulun-musiikkijuhlat-2017\/\"><span style=\"text-decoration: underline;\"><strong>Oulu Music Festival 2017<\/strong><\/span><\/a><\/p><p><a class=\"popup\" href=\"https:\/\/www.omj.fi\/en\/historia\/oulun-musiikkijuhlat-2018\/\"><span style=\"text-decoration: underline;\"><strong>Oulu Music Festival 2018<\/strong><\/span><\/a><\/p><p><a class=\"popup\" href=\"https:\/\/www.omj.fi\/en\/historia\/oulun-musiikkijuhlat-2019\/\"><span style=\"text-decoration: underline;\"><strong>Oulu Music Festival 2019<\/strong><\/span><\/a><\/p><p><a class=\"popup\" href=\"https:\/\/www.omj.fi\/en\/historia\/oulun-musiikkijuhlat-2020\/\"><span style=\"text-decoration: underline;\"><strong>Oulu Music Festival 2020<\/strong><\/span><\/a><\/p><p><a class=\"popup\" href=\"https:\/\/www.omj.fi\/en\/historia\/oulun-musiikkijuhlat-2021\/\"><span style=\"text-decoration: underline;\"><strong>Oulu Music Festival 2021<\/strong><\/span><\/a><\/p><\/div>                  <\/div>\n      <\/div>\n\n      <div class=\"uc_video_box\">\n        <div class=\"uc_video_image\" style=\"background-image: url(https:\/\/www.omj.fi\/wp-content\/uploads\/2021\/11\/2013-OMJ-final.jpg);\"><\/div>\n              <\/div>\n    <\/div>\n\n  <\/div>\n<\/div>\n<!-- end Historia Slider -->\t\t\t\t<\/div>\n\t\t\t\t<\/div>\n\t\t\t\t\t<\/div>\n\t\t<\/div>\n\t\t\t\t\t<\/div>\n\t\t<\/section>\n\t\t\t\t<section class=\"elementor-section elementor-top-section elementor-element elementor-element-28b5e3a elementor-section-full_width elementor-section-height-default elementor-section-height-default\" data-id=\"28b5e3a\" data-element_type=\"section\" data-e-type=\"section\">\n\t\t\t\t\t\t<div class=\"elementor-container elementor-column-gap-no\">\n\t\t\t\t\t<div class=\"elementor-column elementor-col-100 elementor-top-column elementor-element elementor-element-633d211\" data-id=\"633d211\" data-element_type=\"column\" data-e-type=\"column\">\n\t\t\t<div class=\"elementor-widget-wrap elementor-element-populated\">\n\t\t\t\t\t\t<div class=\"elementor-element elementor-element-7286772 elementor-widget elementor-widget-html\" data-id=\"7286772\" data-element_type=\"widget\" data-e-type=\"widget\" data-widget_type=\"html.default\">\n\t\t\t\t<div class=\"elementor-widget-container\">\n\t\t\t\t\t<style>\n    .historia-template{\n        height: 75vh;\n    }\n   .historia-template a { \n        color: #333 !important; \n    }\n   .historia-template li {\n        margin-bottom: 0.9rem !important;\n    }\n    \n    @media only screen and (max-width: 1024px) {\n    .historia-template{\n        height: auto;\n    \n    }\n    }\n\n<\/style>\t\t\t\t<\/div>\n\t\t\t\t<\/div>\n\t\t\t\t\t<\/div>\n\t\t<\/div>\n\t\t\t\t\t<\/div>\n\t\t<\/section>\n\t\t\t\t<\/div>","protected":false},"excerpt":{"rendered":"<p>Oulun Musiikkijuhlien historiaa T\u00e4lle sivulle on koottu v\u00e4l\u00e4hdyksi\u00e4 Oulun Musiikkijuhlien yli kolmekymmenvuotisen historian varrelta \u2013 mink\u00e4laista ohjelmistoa vuosien varrella on kuultu, milt\u00e4 juhlien visuaalinen ilme on n\u00e4ytt\u00e4nyt eri aikoina ja mink\u00e4laisin ajatuksin eri aikojen taiteelliset johtajat ovat l\u00e4hteneet musiikkijuhlia toteuttamaan ja kehitt\u00e4m\u00e4\u00e4n. Tervetuloa mukaan historian py\u00f6rteisiin! Lataa historialehti Lataa historialehti K\u00e4yt\u00e4 reunassa olevia nuolia siirty\u00e4ksesi [&hellip;]<\/p>\n","protected":false},"author":1,"featured_media":11474,"parent":0,"menu_order":0,"comment_status":"closed","ping_status":"closed","template":"elementor_header_footer","meta":{"_acf_changed":false,"footnotes":""},"class_list":["post-6901","page","type-page","status-publish","has-post-thumbnail","hentry"],"acf":[],"_links":{"self":[{"href":"https:\/\/www.omj.fi\/en\/wp-json\/wp\/v2\/pages\/6901","targetHints":{"allow":["GET"]}}],"collection":[{"href":"https:\/\/www.omj.fi\/en\/wp-json\/wp\/v2\/pages"}],"about":[{"href":"https:\/\/www.omj.fi\/en\/wp-json\/wp\/v2\/types\/page"}],"author":[{"embeddable":true,"href":"https:\/\/www.omj.fi\/en\/wp-json\/wp\/v2\/users\/1"}],"replies":[{"embeddable":true,"href":"https:\/\/www.omj.fi\/en\/wp-json\/wp\/v2\/comments?post=6901"}],"version-history":[{"count":9,"href":"https:\/\/www.omj.fi\/en\/wp-json\/wp\/v2\/pages\/6901\/revisions"}],"predecessor-version":[{"id":17927,"href":"https:\/\/www.omj.fi\/en\/wp-json\/wp\/v2\/pages\/6901\/revisions\/17927"}],"wp:featuredmedia":[{"embeddable":true,"href":"https:\/\/www.omj.fi\/en\/wp-json\/wp\/v2\/media\/11474"}],"wp:attachment":[{"href":"https:\/\/www.omj.fi\/en\/wp-json\/wp\/v2\/media?parent=6901"}],"curies":[{"name":"wp","href":"https:\/\/api.w.org\/{rel}","templated":true}]}}