{"id":20336,"date":"2025-08-12T13:20:34","date_gmt":"2025-08-12T10:20:34","guid":{"rendered":"https:\/\/www.omj.fi\/etusivu\/"},"modified":"2026-04-21T10:06:38","modified_gmt":"2026-04-21T07:06:38","slug":"etusivu","status":"publish","type":"page","link":"https:\/\/www.omj.fi\/en\/","title":{"rendered":"Homepage"},"content":{"rendered":"\t\t<div data-elementor-type=\"wp-page\" data-elementor-id=\"20336\" class=\"elementor elementor-20336\">\n\t\t\t\t\t\t<section class=\"elementor-section elementor-top-section elementor-element elementor-element-b533ca4 elementor-section-full_width elementor-section-height-min-height elementor-section-height-default elementor-section-items-middle\" data-id=\"b533ca4\" data-element_type=\"section\" data-e-type=\"section\" data-settings=\"{&quot;background_background&quot;:&quot;slideshow&quot;,&quot;background_slideshow_gallery&quot;:[{&quot;id&quot;:21598,&quot;url&quot;:&quot;https:\\\/\\\/www.omj.fi\\\/wp-content\\\/uploads\\\/2026\\\/03\\\/Sointi-Hassan-Maikal-6592p.jpg&quot;},{&quot;id&quot;:21590,&quot;url&quot;:&quot;https:\\\/\\\/www.omj.fi\\\/wp-content\\\/uploads\\\/2026\\\/03\\\/Salaisia-merkkeja-1287p.jpg&quot;},{&quot;id&quot;:21597,&quot;url&quot;:&quot;https:\\\/\\\/www.omj.fi\\\/wp-content\\\/uploads\\\/2026\\\/03\\\/Oulu-Sinfonia-Yona-7888p.jpg&quot;},{&quot;id&quot;:21592,&quot;url&quot;:&quot;https:\\\/\\\/www.omj.fi\\\/wp-content\\\/uploads\\\/2026\\\/03\\\/Kiri-Ra-9904p.jpg&quot;},{&quot;id&quot;:21593,&quot;url&quot;:&quot;https:\\\/\\\/www.omj.fi\\\/wp-content\\\/uploads\\\/2026\\\/03\\\/Oopperamatka-kitaralla-8695p.jpg&quot;},{&quot;id&quot;:21591,&quot;url&quot;:&quot;https:\\\/\\\/www.omj.fi\\\/wp-content\\\/uploads\\\/2026\\\/03\\\/Sturle-Dagsland-0054p.jpg&quot;},{&quot;id&quot;:21594,&quot;url&quot;:&quot;https:\\\/\\\/www.omj.fi\\\/wp-content\\\/uploads\\\/2026\\\/03\\\/Sitkovetsky-Trio-8427p.jpg&quot;},{&quot;id&quot;:21595,&quot;url&quot;:&quot;https:\\\/\\\/www.omj.fi\\\/wp-content\\\/uploads\\\/2026\\\/03\\\/Circus-Cabaret-7654p.jpg&quot;}],&quot;background_slideshow_ken_burns&quot;:&quot;yes&quot;,&quot;background_slideshow_loop&quot;:&quot;yes&quot;,&quot;background_slideshow_slide_duration&quot;:5000,&quot;background_slideshow_slide_transition&quot;:&quot;fade&quot;,&quot;background_slideshow_transition_duration&quot;:500,&quot;background_slideshow_ken_burns_zoom_direction&quot;:&quot;in&quot;}\">\n\t\t\t\t\t\t<div class=\"elementor-container elementor-column-gap-no\">\n\t\t\t\t\t<div class=\"elementor-column elementor-col-50 elementor-top-column elementor-element elementor-element-eab3e86\" data-id=\"eab3e86\" data-element_type=\"column\" data-e-type=\"column\">\n\t\t\t<div class=\"elementor-widget-wrap\">\n\t\t\t\t\t\t\t<\/div>\n\t\t<\/div>\n\t\t\t\t<div class=\"elementor-column elementor-col-50 elementor-top-column elementor-element elementor-element-23cfb40 animated-fast elementor-hidden-tablet elementor-hidden-mobile elementor-invisible\" data-id=\"23cfb40\" data-element_type=\"column\" data-e-type=\"column\" data-settings=\"{&quot;background_background&quot;:&quot;classic&quot;,&quot;animation&quot;:&quot;fadeIn&quot;,&quot;animation_delay&quot;:200,&quot;animation_mobile&quot;:&quot;none&quot;}\">\n\t\t\t<div class=\"elementor-widget-wrap elementor-element-populated\">\n\t\t\t\t\t<div class=\"elementor-background-overlay\"><\/div>\n\t\t\t\t\t\t<div class=\"elementor-element elementor-element-bee8d14 elementor-widget elementor-widget-heading\" data-id=\"bee8d14\" data-element_type=\"widget\" data-e-type=\"widget\" data-widget_type=\"heading.default\">\n\t\t\t\t<div class=\"elementor-widget-container\">\n\t\t\t\t\t<h6 class=\"elementor-heading-title elementor-size-default\">AJANKOHTAISTA<\/h6>\t\t\t\t<\/div>\n\t\t\t\t<\/div>\n\t\t\t\t<section class=\"elementor-section elementor-inner-section elementor-element elementor-element-9f1c616 elementor-section-full_width elementor-section-height-min-height elementor-section-height-default\" data-id=\"9f1c616\" data-element_type=\"section\" data-e-type=\"section\">\n\t\t\t\t\t\t<div class=\"elementor-container elementor-column-gap-no\">\n\t\t\t\t\t<div class=\"elementor-column elementor-col-100 elementor-inner-column elementor-element elementor-element-872d73a\" data-id=\"872d73a\" data-element_type=\"column\" data-e-type=\"column\" data-settings=\"{&quot;background_background&quot;:&quot;classic&quot;}\">\n\t\t\t<div class=\"elementor-widget-wrap elementor-element-populated\">\n\t\t\t\t\t\t<div class=\"elementor-element elementor-element-8ff61d2 banner-news elementor-widget elementor-widget-image\" data-id=\"8ff61d2\" data-element_type=\"widget\" data-e-type=\"widget\" data-widget_type=\"image.default\">\n\t\t\t\t<div class=\"elementor-widget-container\">\n\t\t\t\t\t\t\t\t\t\t\t\t\t\t\t\t<a href=\"https:\/\/www.omj.fi\/jazzin-legenda-wynton-marsalis-ouluun-liput-nyt-myynnissa\/\">\n\t\t\t\t\t\t\t<img decoding=\"async\" width=\"1920\" height=\"1080\" src=\"https:\/\/www.omj.fi\/wp-content\/uploads\/2026\/04\/Lincoln-Jazz-Verkkosivukuva-1980-x-1080-px-2.png\" class=\"attachment-full size-full wp-image-21661\" alt=\"\" srcset=\"https:\/\/www.omj.fi\/wp-content\/uploads\/2026\/04\/Lincoln-Jazz-Verkkosivukuva-1980-x-1080-px-2.png 1920w, https:\/\/www.omj.fi\/wp-content\/uploads\/2026\/04\/Lincoln-Jazz-Verkkosivukuva-1980-x-1080-px-2-768x432.png 768w, https:\/\/www.omj.fi\/wp-content\/uploads\/2026\/04\/Lincoln-Jazz-Verkkosivukuva-1980-x-1080-px-2-1536x864.png 1536w, https:\/\/www.omj.fi\/wp-content\/uploads\/2026\/04\/Lincoln-Jazz-Verkkosivukuva-1980-x-1080-px-2-18x10.png 18w\" sizes=\"(max-width: 1920px) 100vw, 1920px\" title=\"\">\t\t\t\t\t\t\t\t<\/a>\n\t\t\t\t\t\t\t\t\t\t\t\t\t\t\t<\/div>\n\t\t\t\t<\/div>\n\t\t\t\t\t<\/div>\n\t\t<\/div>\n\t\t\t\t\t<\/div>\n\t\t<\/section>\n\t\t\t\t<div class=\"elementor-element elementor-element-89d3893 elementor-widget elementor-widget-heading\" data-id=\"89d3893\" data-element_type=\"widget\" data-e-type=\"widget\" data-widget_type=\"heading.default\">\n\t\t\t\t<div class=\"elementor-widget-container\">\n\t\t\t\t\t<h2 class=\"elementor-heading-title elementor-size-default\"><a href=\"https:\/\/www.omj.fi\/jazzin-legenda-wynton-marsalis-ouluun-liput-nyt-myynnissa\/\">Jazzin legenda Wynton Marsalis Ouluun \u2013 Liput nyt myynniss\u00e4!<\/a><\/h2>\t\t\t\t<\/div>\n\t\t\t\t<\/div>\n\t\t\t\t<div class=\"elementor-element elementor-element-abd1e40 elementor-align-center popup elementor-widget elementor-widget-button\" data-id=\"abd1e40\" data-element_type=\"widget\" data-e-type=\"widget\" data-widget_type=\"button.default\">\n\t\t\t\t<div class=\"elementor-widget-container\">\n\t\t\t\t\t\t\t\t\t<div class=\"elementor-button-wrapper\">\n\t\t\t\t\t<a class=\"elementor-button elementor-button-link elementor-size-sm\" href=\"https:\/\/www.omj.fi\/jazzin-legenda-wynton-marsalis-ouluun-liput-nyt-myynnissa\/\" rel=\"nofollow\">\n\t\t\t\t\t\t<span class=\"elementor-button-content-wrapper\">\n\t\t\t\t\t\t\t\t\t<span class=\"elementor-button-text\">Lue lis\u00e4\u00e4 ja osta liput nyt!<\/span>\n\t\t\t\t\t<\/span>\n\t\t\t\t\t<\/a>\n\t\t\t\t<\/div>\n\t\t\t\t\t\t\t\t<\/div>\n\t\t\t\t<\/div>\n\t\t\t\t\t<\/div>\n\t\t<\/div>\n\t\t\t\t\t<\/div>\n\t\t<\/section>\n\t\t\t\t<section class=\"elementor-section elementor-top-section elementor-element elementor-element-663546d elementor-section-full_width elementor-section-height-default elementor-section-height-default\" data-id=\"663546d\" data-element_type=\"section\" data-e-type=\"section\">\n\t\t\t\t\t\t<div class=\"elementor-container elementor-column-gap-no\">\n\t\t\t\t\t<div class=\"elementor-column elementor-col-100 elementor-top-column elementor-element elementor-element-f9f826c\" data-id=\"f9f826c\" data-element_type=\"column\" data-e-type=\"column\">\n\t\t\t<div class=\"elementor-widget-wrap elementor-element-populated\">\n\t\t\t\t\t\t<section class=\"elementor-section elementor-inner-section elementor-element elementor-element-cc74faa elementor-section-full_width elementor-section-height-default elementor-section-height-default\" data-id=\"cc74faa\" data-element_type=\"section\" data-e-type=\"section\">\n\t\t\t\t\t\t<div class=\"elementor-container elementor-column-gap-default\">\n\t\t\t\t\t<div class=\"elementor-column elementor-col-100 elementor-inner-column elementor-element elementor-element-69040cb\" data-id=\"69040cb\" data-element_type=\"column\" data-e-type=\"column\">\n\t\t\t<div class=\"elementor-widget-wrap elementor-element-populated\">\n\t\t\t\t\t\t<div class=\"elementor-element elementor-element-1deb557 elementor-widget elementor-widget-heading\" data-id=\"1deb557\" data-element_type=\"widget\" data-e-type=\"widget\" data-widget_type=\"heading.default\">\n\t\t\t\t<div class=\"elementor-widget-container\">\n\t\t\t\t\t<h1 class=\"elementor-heading-title elementor-size-default\">Oulun Musiikkijuhlat<\/h1>\t\t\t\t<\/div>\n\t\t\t\t<\/div>\n\t\t\t\t<div class=\"elementor-element elementor-element-ae14934 elementor-widget elementor-widget-text-editor\" data-id=\"ae14934\" data-element_type=\"widget\" data-e-type=\"widget\" data-widget_type=\"text-editor.default\">\n\t\t\t\t<div class=\"elementor-widget-container\">\n\t\t\t\t\t\t\t\t\t<p>Oulun Musiikkijuhlat on vuosittain maaliskuussa j\u00e4rjestett\u00e4v\u00e4 festivaali, joka tarjoaa mieleenpainuvia konserttiel\u00e4myksi\u00e4 niin klassisen kuin rytmimusiikin saralla. T\u00e4n\u00e4 vuonna festivaali j\u00e4rjestettiin 9.\u201322.3.2026.<\/p><p>Festivaalin lis\u00e4ksi Oulun Musiikkijuhlat tarjoaa konserttisarjoja ja yksitt\u00e4isi\u00e4 musiikkitapahtumia ymp\u00e4ri vuoden. Jazz &amp; Etno -konserttisarjassa kuullaan kev\u00e4isin ja syksyisin jazzin ja kansanmusiikin t\u00e4hti\u00e4 Suomesta ja ulkomailta, ja kes\u00e4iltoja vietet\u00e4\u00e4n Jumprussa Jazzpatiolla.<\/p>\t\t\t\t\t\t\t\t<\/div>\n\t\t\t\t<\/div>\n\t\t\t\t\t<\/div>\n\t\t<\/div>\n\t\t\t\t\t<\/div>\n\t\t<\/section>\n\t\t\t\t\t<\/div>\n\t\t<\/div>\n\t\t\t\t\t<\/div>\n\t\t<\/section>\n\t\t\t\t<section class=\"elementor-section elementor-top-section elementor-element elementor-element-0ed0ce5 elementor-section-full_width elementor-section-height-default elementor-section-height-default elementor-invisible\" data-id=\"0ed0ce5\" data-element_type=\"section\" data-e-type=\"section\" data-settings=\"{&quot;animation&quot;:&quot;fadeIn&quot;}\">\n\t\t\t\t\t\t<div class=\"elementor-container elementor-column-gap-no\">\n\t\t\t\t\t<div class=\"elementor-column elementor-col-100 elementor-top-column elementor-element elementor-element-08d1e00\" data-id=\"08d1e00\" data-element_type=\"column\" data-e-type=\"column\">\n\t\t\t<div class=\"elementor-widget-wrap elementor-element-populated\">\n\t\t\t\t\t\t<section class=\"elementor-section elementor-inner-section elementor-element elementor-element-1b4fad7 elementor-section-full_width elementor-section-height-default elementor-section-height-default\" data-id=\"1b4fad7\" data-element_type=\"section\" data-e-type=\"section\">\n\t\t\t\t\t\t<div class=\"elementor-container elementor-column-gap-no\">\n\t\t\t\t\t<div class=\"elementor-column elementor-col-100 elementor-inner-column elementor-element elementor-element-09263d1\" data-id=\"09263d1\" data-element_type=\"column\" data-e-type=\"column\">\n\t\t\t<div class=\"elementor-widget-wrap elementor-element-populated\">\n\t\t\t\t\t\t<div class=\"elementor-element elementor-element-2eb2d60 elementor-widget elementor-widget-heading\" data-id=\"2eb2d60\" data-element_type=\"widget\" data-e-type=\"widget\" data-widget_type=\"heading.default\">\n\t\t\t\t<div class=\"elementor-widget-container\">\n\t\t\t\t\t<h2 class=\"elementor-heading-title elementor-size-default\">Tulevia tapahtumia<\/h2>\t\t\t\t<\/div>\n\t\t\t\t<\/div>\n\t\t\t\t\t<\/div>\n\t\t<\/div>\n\t\t\t\t\t<\/div>\n\t\t<\/section>\n\t\t\t\t<div class=\"elementor-element elementor-element-b74e62e elementor-widget elementor-widget-ucaddon_konsertit_blocks\" data-id=\"b74e62e\" data-element_type=\"widget\" data-e-type=\"widget\" data-widget_type=\"ucaddon_konsertit_blocks.default\">\n\t\t\t\t<div class=\"elementor-widget-container\">\n\t\t\t\t\t\n<!-- start Konsertit blocks -->\n<style>\/* widget: Konsertit blocks *\/\n\n#uc_konsertit_blocks_elementor_b74e62e {\n    display:grid;\n\tgrid-template-columns: repeat(3, 1fr);\n}\n#uc_konsertit_blocks_elementor_b74e62e .ue_post_blocks_box\n{\n  \toverflow:hidden;\n  \tdisplay: flex;\n\tflex-direction: column;\n  \tposition: relative;\n}\n\n#uc_konsertit_blocks_elementor_b74e62e .ue_post_blocks_title\n{\n    min-height: auto;\n    margin-bottom: 10px;\n}\n\n#uc_konsertit_blocks_elementor_b74e62e .ue_post_blocks_image\n{\n  position: relative;\n  overflow:hidden;\n}\n#uc_konsertit_blocks_elementor_b74e62e .ue_post_blocks_image img\n{\n  object-fit: cover;\n  object-position:center center;\n  width:100%;\n  display:block;\n}\n\n#uc_konsertit_blocks_elementor_b74e62e .ue_post_blocks_link a\n{\n  display:;\n  text-decoration:none;\n  text-align:center;\n}\n\n #uc_konsertit_blocks_elementor_b74e62e .ue_post_blocks_box img\n{\n  transition:0.5s;\n}\n #uc_konsertit_blocks_elementor_b74e62e .ue_post_blocks_box:hover img\n{\n \/* transform:scale(1.1,1.1); *\/\n}\n\n\n\/* OMAT LIS\u00c4YKSET *\/\n#uc_konsertit_blocks_elementor_b74e62e .oma_buttons_block {\n  \tmargin-top: auto;\n  \tdisplay: inline-flex;\n  \tbottom: 5%;\n\tposition: absolute;\n}\n\n#uc_konsertit_blocks_elementor_b74e62e .blocks_buttons {\n\tdisplay: block;\n  \tmargin-right: 10px;\n}\n\n #uc_konsertit_blocks_elementor_b74e62e .ue_post_blocks_content{\n    display: flex;\n    flex-direction: column;\n    flex: 1;\n    width: 95%;\n    margin: -5% auto 0 auto;\n   \tz-index: 1;\n   \tposition: relative;\n\tmin-height: 350px;\n}\n\n #uc_konsertit_blocks_elementor_b74e62e .stream-logo {\n    position: absolute;\n    width: 45px;\n   top: 1%;\n   left: 1%;\n   z-index: 1;\n}\n\n@media screen and (max-width: 1024px) {\n  #uc_konsertit_blocks_elementor_b74e62e {\n  grid-template-columns: repeat(2, 1fr); \/* 2 *\/\n  }\n}\n\n@media screen and (max-width: 550px) {\n#uc_konsertit_blocks_elementor_b74e62e {\n\tgrid-template-columns: repeat(1, 1fr); \/* 1 *\/\n   }\n#uc_konsertit_blocks_elementor_b74e62e .ue_post_blocks_content{\n   \tposition: relative;\n\tmin-height: 300px;\n\t}\n}\n\n<\/style>\n\n<div id=\"uc_konsertit_blocks_elementor_b74e62e\" class=\"ue_post_blocks\">\n\t \n\t\n\t\n\n       \n<div class=\"ue_post_blocks_box ue_post_blocks_box_omj\" style=\"text-align:left;\">\n  \n       \n      <div class=\"ue_post_blocks_image\">\n        <a href=\"https:\/\/www.omj.fi\/en\/konsertit\/jazz-at-lincoln-center-orchestra-with-wynton-marsalis\/\" style=\"display:block;\"><img decoding=\"async\" class=\"card-image\" src=\"https:\/\/www.omj.fi\/wp-content\/uploads\/2026\/04\/Lincoln-Jazz-Verkkosivukuva-600-x-300-px-2.png\" alt=\"\" title=\"\"><\/a>\n                      <\/div>\n        <div class=\"ue_post_blocks_content ue_post_blocks_content_omj\">\n        \t<div class=\"ue_post_blocks_title\"><a href=\"https:\/\/www.omj.fi\/en\/konsertit\/jazz-at-lincoln-center-orchestra-with-wynton-marsalis\/\">Jazz at Lincoln Center Orchestra with Wynton Marsalis<\/a><\/div>\n        \n    <div class=\"ue_post_blocks_short_text\">Trumpetisti Wynton Marsalis ja Jazz at Lincoln Center Orchestra t\u00e4hditt\u00e4v\u00e4t jazzin juhlavuotta<\/div>\n\n    <div class=\"konsertti_margin\">\n\n    <div class=\"ue_post_blocks_date tiedot\"><i class=\"fas fa-calendar-day oma-icon\"><\/i><span>02.12.2026 @ 19:00<\/span><\/div>    <div class=\"ue_post_blocks_date tiedot\"><i class=\"fas fa-map-pin oma-icon\"><\/i><span>Madetojan sali<\/span><\/div>          \t<div class=\"ue_post_blocks_date tiedot peruttu \" ><i class=\"fas fa-euro-sign oma-icon\"><\/i><span>79 \u20ac <\/span><\/div>\n                \n        \n      <div class=\"oma_buttons_block\">\n          <div class=\"blocks_buttons ue_post_blocks_button\"><a href=\"https:\/\/www.omj.fi\/en\/konsertit\/jazz-at-lincoln-center-orchestra-with-wynton-marsalis\/\">Lue lis\u00e4\u00e4<\/a><\/div>          <div class=\"ue_post_blocks_buy_button blocks_buttons\"><a href=\"https:\/\/www.lippu.fi\/eventseries\/name-4136630\" target=\"_blank\" rel=\"noopener\">Osta lippu<\/a><\/div>                <\/div>\n    <\/div>\n    <\/div>\n<\/div>\n   \n      \n\n\n<\/div>\n<!-- end Konsertit blocks -->\t\t\t\t<\/div>\n\t\t\t\t<\/div>\n\t\t\t\t<div class=\"elementor-element elementor-element-c5df88e elementor-align-center elementor-widget elementor-widget-button\" data-id=\"c5df88e\" data-element_type=\"widget\" data-e-type=\"widget\" data-widget_type=\"button.default\">\n\t\t\t\t<div class=\"elementor-widget-container\">\n\t\t\t\t\t\t\t\t\t<div class=\"elementor-button-wrapper\">\n\t\t\t\t\t<a class=\"elementor-button elementor-button-link elementor-size-md\" href=\"https:\/\/www.omj.fi\/konsertit-oulun-musiikkijuhlat\/\">\n\t\t\t\t\t\t<span class=\"elementor-button-content-wrapper\">\n\t\t\t\t\t\t<span class=\"elementor-button-icon\">\n\t\t\t\t<i aria-hidden=\"true\" class=\"fas fa-arrow-right\"><\/i>\t\t\t<\/span>\n\t\t\t\t\t\t\t\t\t<span class=\"elementor-button-text\">Kaikki tulevat konsertit<\/span>\n\t\t\t\t\t<\/span>\n\t\t\t\t\t<\/a>\n\t\t\t\t<\/div>\n\t\t\t\t\t\t\t\t<\/div>\n\t\t\t\t<\/div>\n\t\t\t\t\t<\/div>\n\t\t<\/div>\n\t\t\t\t\t<\/div>\n\t\t<\/section>\n\t\t\t\t<section class=\"elementor-section elementor-top-section elementor-element elementor-element-aba5603 elementor-section-full_width elementor-section-height-default elementor-section-height-default\" data-id=\"aba5603\" data-element_type=\"section\" data-e-type=\"section\">\n\t\t\t\t\t\t<div class=\"elementor-container elementor-column-gap-no\">\n\t\t\t\t\t<div class=\"elementor-column elementor-col-50 elementor-top-column elementor-element elementor-element-c47a2da\" data-id=\"c47a2da\" data-element_type=\"column\" data-e-type=\"column\">\n\t\t\t<div class=\"elementor-widget-wrap elementor-element-populated\">\n\t\t\t\t\t\t<div class=\"elementor-element elementor-element-0a88cd6 elementor-widget elementor-widget-heading\" data-id=\"0a88cd6\" data-element_type=\"widget\" data-e-type=\"widget\" data-widget_type=\"heading.default\">\n\t\t\t\t<div class=\"elementor-widget-container\">\n\t\t\t\t\t<h3 class=\"elementor-heading-title elementor-size-default\">Tuoreimmat uutiset<\/h3>\t\t\t\t<\/div>\n\t\t\t\t<\/div>\n\t\t\t\t<section class=\"elementor-section elementor-inner-section elementor-element elementor-element-03e6253 elementor-section-full_width elementor-section-height-default elementor-section-height-default\" data-id=\"03e6253\" data-element_type=\"section\" data-e-type=\"section\">\n\t\t\t\t\t\t<div class=\"elementor-container elementor-column-gap-no\">\n\t\t\t\t\t<div class=\"elementor-column elementor-col-100 elementor-inner-column elementor-element elementor-element-6a32e26\" data-id=\"6a32e26\" data-element_type=\"column\" data-e-type=\"column\">\n\t\t\t<div class=\"elementor-widget-wrap elementor-element-populated\">\n\t\t\t\t\t\t<div class=\"elementor-element elementor-element-413b7d6 elementor-align-left elementor-widget elementor-widget-button\" data-id=\"413b7d6\" data-element_type=\"widget\" data-e-type=\"widget\" data-widget_type=\"button.default\">\n\t\t\t\t<div class=\"elementor-widget-container\">\n\t\t\t\t\t\t\t\t\t<div class=\"elementor-button-wrapper\">\n\t\t\t\t\t<a class=\"elementor-button elementor-button-link elementor-size-lg\" href=\"https:\/\/www.omj.fi\/omj-uutiset\/\">\n\t\t\t\t\t\t<span class=\"elementor-button-content-wrapper\">\n\t\t\t\t\t\t<span class=\"elementor-button-icon\">\n\t\t\t\t<i aria-hidden=\"true\" class=\"fas fa-arrow-right\"><\/i>\t\t\t<\/span>\n\t\t\t\t\t\t\t\t\t<span class=\"elementor-button-text\">Kaikki uutiset<\/span>\n\t\t\t\t\t<\/span>\n\t\t\t\t\t<\/a>\n\t\t\t\t<\/div>\n\t\t\t\t\t\t\t\t<\/div>\n\t\t\t\t<\/div>\n\t\t\t\t\t<\/div>\n\t\t<\/div>\n\t\t\t\t\t<\/div>\n\t\t<\/section>\n\t\t\t\t<div class=\"elementor-element elementor-element-4e24460 elementor-widget elementor-widget-ucaddon_uutiset_lista\" data-id=\"4e24460\" data-element_type=\"widget\" data-e-type=\"widget\" data-widget_type=\"ucaddon_uutiset_lista.default\">\n\t\t\t\t<div class=\"elementor-widget-container\">\n\t\t\t\t\t\n<!-- start Uutiset Lista -->\n<style>\/* widget: Uutiset Lista *\/\n\n#uc_uutiset_lista_elementor_4e24460 .uc_post_list_image div\n{\n  background-size:cover;\n  background-position:center;\n}\n\n.uc_post_list *{\n\t-webkit-box-sizing: border-box;\n\t-moz-box-sizing: border-box;\n\tbox-sizing: border-box;\n}\n.uc_post_list .uc_post_list_box{\n\tposition: relative;\n\toverflow: hidden;\n\tdisplay: flex;\n}\n\n\n.uc_post_list_title a{\n\tcolor: #333333;\n    font-size: 16px;\n}\n.uc_post_list_date{\n\tfont-size: 12px;\n}\n\n#uc_uutiset_lista_elementor_4e24460 .uc_post_list_content\n{\n  display:flex;\n  flex-direction:column;\n  justify-content:center;\n  flex:1;\n  text-align:left;\n}\n\n#uc_uutiset_lista_elementor_4e24460 .uc_more_btn{\n\n  display:inline-block;\n  text-align:center;\n  text-decoration:none;\n}\n\n<\/style>\n\n<div class=\"uc_post_list\" id=\"uc_uutiset_lista_elementor_4e24460\">\n        \t\n  <div class=\"uc_post_list_box\">\n  \t    <div class=\"uc_post_list_image\"><a href=\"https:\/\/www.omj.fi\/en\/jazzin-legenda-wynton-marsalis-ouluun-liput-nyt-myynnissa\/\"><div style=\"background-image:url(https:\/\/www.omj.fi\/wp-content\/uploads\/2026\/04\/Lincoln-Jazz-Verkkosivukuva-1980-x-1080-px.png);\"><\/div><\/a><\/div>\n  \t\t\n  \n    <div class=\"uc_post_list_content\">\n      <div class=\"uc_post_list_content_inside\">\n         <div class=\"uc_post_list_title\"><a href=\"https:\/\/www.omj.fi\/en\/jazzin-legenda-wynton-marsalis-ouluun-liput-nyt-myynnissa\/\">Jazzin legenda Wynton Marsalis Ouluun \u2013 Liput nyt myynniss\u00e4!<\/a><\/div>\t\n         <div class=\"uc_post_list_date\">15.04.2026<\/div>\t\n         \t\n         \t\n      <\/div>\n    <\/div>\n<\/div>\n<div class=\"uc_post_list_box\">\n  \t    <div class=\"uc_post_list_image\"><a href=\"https:\/\/www.omj.fi\/en\/kavitko-oulun-musiikkijuhlilla-2026-vastaa-kavijakyselyyn-ja-osallistu-arvontaan\/\"><div style=\"background-image:url(https:\/\/www.omj.fi\/wp-content\/uploads\/2026\/04\/OMJ-2026-uutiskirje-1200-x-628-px-2.png);\"><\/div><\/a><\/div>\n  \t\t\n  \n    <div class=\"uc_post_list_content\">\n      <div class=\"uc_post_list_content_inside\">\n         <div class=\"uc_post_list_title\"><a href=\"https:\/\/www.omj.fi\/en\/kavitko-oulun-musiikkijuhlilla-2026-vastaa-kavijakyselyyn-ja-osallistu-arvontaan\/\">K\u00e4vitk\u00f6 Oulun Musiikkijuhlilla 2026? Vastaa k\u00e4vij\u00e4kyselyyn ja osallistu arvontaan!<\/a><\/div>\t\n         <div class=\"uc_post_list_date\">14.04.2026<\/div>\t\n         \t\n         \t\n      <\/div>\n    <\/div>\n<\/div>\n<div class=\"uc_post_list_box\">\n  \t    <div class=\"uc_post_list_image\"><a href=\"https:\/\/www.omj.fi\/en\/tutustu-oulun-musiikkijuhlien-kamarikonsertteihin\/\"><div style=\"background-image:url(https:\/\/www.omj.fi\/wp-content\/uploads\/2025\/11\/OMJ-2026-Verkkosivukuvat-ilman-logoa_Sitkovetsky-Trio.jpg);\"><\/div><\/a><\/div>\n  \t\t\n  \n    <div class=\"uc_post_list_content\">\n      <div class=\"uc_post_list_content_inside\">\n         <div class=\"uc_post_list_title\"><a href=\"https:\/\/www.omj.fi\/en\/tutustu-oulun-musiikkijuhlien-kamarikonsertteihin\/\">Tutustu Oulun Musiikkijuhlien kamarikonsertteihin!<\/a><\/div>\t\n         <div class=\"uc_post_list_date\">04.03.2026<\/div>\t\n         \t\n         \t\n      <\/div>\n    <\/div>\n<\/div>\n\n\n<\/div>\n<!-- end Uutiset Lista -->\t\t\t\t<\/div>\n\t\t\t\t<\/div>\n\t\t\t\t\t<\/div>\n\t\t<\/div>\n\t\t\t\t<div class=\"elementor-column elementor-col-50 elementor-top-column elementor-element elementor-element-5a82f73\" data-id=\"5a82f73\" data-element_type=\"column\" data-e-type=\"column\">\n\t\t\t<div class=\"elementor-widget-wrap elementor-element-populated\">\n\t\t\t\t\t\t<div class=\"elementor-element elementor-element-f43ee8e elementor-widget elementor-widget-heading\" data-id=\"f43ee8e\" data-element_type=\"widget\" data-e-type=\"widget\" data-widget_type=\"heading.default\">\n\t\t\t\t<div class=\"elementor-widget-container\">\n\t\t\t\t\t<h3 class=\"elementor-heading-title elementor-size-default\">Sosiaalinen media<\/h3>\t\t\t\t<\/div>\n\t\t\t\t<\/div>\n\t\t\t\t<div class=\"elementor-element elementor-element-30a4b57 elementor-widget elementor-widget-shortcode\" data-id=\"30a4b57\" data-element_type=\"widget\" data-e-type=\"widget\" data-widget_type=\"shortcode.default\">\n\t\t\t\t<div class=\"elementor-widget-container\">\n\t\t\t\t\t\t\t<div class=\"elementor-shortcode\"><div class=\"cff-wrapper\"><div class=\"cff-wrapper-ctn \" ><div id=\"cff\"  class=\"cff cff-list-container cff-masonry masonry-2-tablet cff-masonry-js cff-default-styles  cff-mob-cols-1\"   style=\"width:100%;\"   data-char=\"100\"  data-nummobile=\"2\" data-pag-num=\"8\" ><div class=\"cff-posts-wrap\"><div id=\"cff_133037616745761_1368621785291538\" class=\"cff-item cff-status-post cff-album cff-box cff-shadow author-oulun-musiikkijuhlat---oulu-music-festival\"  style=\"border-radius:5px;background-color:#F1F1F1;\" >\n\t<div class=\"cff-author\">\n\t<div class=\"cff-author-text\">\n\t\t\t\t\t<div class=\"cff-page-name cff-author-date\" >\n\t\t\t\t<a href=\"https:\/\/facebook.com\/133037616745761\" target=\"_blank\" rel=\"nofollow noopener\">Oulun Musiikkijuhlat - Oulu Music Festival<\/a>\n\t\t\t\t<span class=\"cff-story\">  is at Oulu.<\/span>\n\t\t\t<\/div>\n\t\t\t\n<p class=\"cff-date\" > 2 days ago <\/p>\n\t\t\t<\/div>\n\t<div class=\"cff-author-img \" data-avatar=\"https:\/\/scontent-hel3-1.xx.fbcdn.net\/v\/t39.30808-1\/326783758_1646962349089670_1870142676695532948_n.jpg?stp=cp0_dst-jpg_s50x50_tt6&#038;_nc_cat=101&#038;ccb=1-7&#038;_nc_sid=f907e8&#038;_nc_eui2=AeHUupV42RRsxlotSpeGMIPC2jpyqrFGHyDaOnKqsUYfIEs2yZyH4JIXX1d7WThIZuI&#038;_nc_ohc=Z2md6MZbFVUQ7kNvwF-rWDK&#038;_nc_oc=AdqOlAD7Bx8hj92YW5i-tuakzN0b6bSuuF15IHSSjE4gNkw6cgh1uAbHgV-KqldtiI4&#038;_nc_zt=24&#038;_nc_ht=scontent-hel3-1.xx&#038;edm=AKIiGfEEAAAA&#038;_nc_gid=R-RK5lJhxeJ-VHg3c5rRWg&#038;_nc_tpa=Q5bMBQFMydtfaluD6LqYlqnJIoNSJ7sAyU_4aN9-ssCO2_KdpI8-QYgd-LFzjxr7REqs1G7mmlNl_e_2_Q&#038;oh=00_Af2EyLIt2QU_JUCDLpyVa_PrZIpm5zjDsJSucgK5m6HRIQ&#038;oe=69F653E3\">\n\t\t<a href=\"https:\/\/facebook.com\/133037616745761\" target=\"_blank\" rel=\"nofollow noopener\"><img decoding=\"async\" src=\"https:\/\/scontent-hel3-1.xx.fbcdn.net\/v\/t39.30808-1\/326783758_1646962349089670_1870142676695532948_n.jpg?stp=cp0_dst-jpg_s50x50_tt6&#038;_nc_cat=101&#038;ccb=1-7&#038;_nc_sid=f907e8&#038;_nc_eui2=AeHUupV42RRsxlotSpeGMIPC2jpyqrFGHyDaOnKqsUYfIEs2yZyH4JIXX1d7WThIZuI&#038;_nc_ohc=Z2md6MZbFVUQ7kNvwF-rWDK&#038;_nc_oc=AdqOlAD7Bx8hj92YW5i-tuakzN0b6bSuuF15IHSSjE4gNkw6cgh1uAbHgV-KqldtiI4&#038;_nc_zt=24&#038;_nc_ht=scontent-hel3-1.xx&#038;edm=AKIiGfEEAAAA&#038;_nc_gid=R-RK5lJhxeJ-VHg3c5rRWg&#038;_nc_tpa=Q5bMBQFMydtfaluD6LqYlqnJIoNSJ7sAyU_4aN9-ssCO2_KdpI8-QYgd-LFzjxr7REqs1G7mmlNl_e_2_Q&#038;oh=00_Af2EyLIt2QU_JUCDLpyVa_PrZIpm5zjDsJSucgK5m6HRIQ&#038;oe=69F653E3\" title=\"Oulun Musiikkijuhlat - Oulu Music Festival\" alt=\"Oulun Musiikkijuhlat - Oulu Music Festival\" width=40 height=40 onerror=\"this.style.display='none'\"><\/a>\n\t<\/div>\n<\/div>\n\n<div class=\"cff-post-text\" >\n\t<span class=\"cff-text\" data-color=\"\">\n\t\tMik\u00e4 mielet\u00f6n kev\u00e4t meill\u00e4 onkaan ollut yhdess\u00e4! \ud83c\udfb7\u2728<img class=\"cff-linebreak\" \/><img class=\"cff-linebreak\" \/>Oulun Musiikkijuhlat on t\u00e4ytt\u00e4nyt kev\u00e4\u00e4n upeilla Jazz &amp; Etno -konserteilla, festivaalitunnelmalla ja unohtumattomilla musiikkihetkill\u00e4. <img class=\"cff-linebreak\" \/><img class=\"cff-linebreak\" \/>Kes\u00e4 tuo tullessaan rakastetun Jazzpation, joten livemusiikki jatkuu rennossa tunnelmassa l\u00e4pi kauden!\u2600\ufe0f<img class=\"cff-linebreak\" \/><img class=\"cff-linebreak\" \/>Ja katse kannattaa suunnata jo my\u00f6s loppuvuoteen:<img class=\"cff-linebreak\" \/>Wynton Marsalis saapuu Ouluun yhdess\u00e4 Jazz at Lincoln Center Orchestran kanssa joulukuussa \u2013 yksi vuoden kovimmista jazz-illoista on luvassa.<img class=\"cff-linebreak\" \/><img class=\"cff-linebreak\" \/>\ud83c\udfab Liput ovat nyt myynniss\u00e4 (Lippu.fi) \u2013 viimeisi\u00e4 lippuja vied\u00e4\u00e4n!<img class=\"cff-linebreak\" \/><img class=\"cff-linebreak\" \/>Kiitos upeasta kev\u00e4\u00e4st\u00e4 artistit, yleis\u00f6 ja yhteisty\u00f6kumppanit!\ud83d\udc9b<img class=\"cff-linebreak\" \/><img class=\"cff-linebreak\" \/>Kuvat: Maarit Kyt\u00f6harju<img class=\"cff-linebreak\" \/><img class=\"cff-linebreak\" \/><a href=\"https:\/\/facebook.com\/725087354178318\" target=\"_blank\" rel=\"noopener\"><a href=\"https:\/\/facebook.com\/622551107758682\" target=\"_blank\" rel=\"noopener\">#oulu<\/a>nmusiikkijuhlat<\/a> <a href=\"https:\/\/facebook.com\/582734505071224\" target=\"_blank\" rel=\"noopener\">#jazz<\/a> <a href=\"https:\/\/facebook.com\/178179265673682\" target=\"_blank\" rel=\"noopener\">#livemusiikki<\/a> <a href=\"https:\/\/facebook.com\/622551107758682\" target=\"_blank\" rel=\"noopener\">#oulu<\/a> <a href=\"https:\/\/facebook.com\/582734505071224\" target=\"_blank\" rel=\"noopener\">#jazz<\/a>patio <a href=\"https:\/\/facebook.com\/297850087011542\" target=\"_blank\" rel=\"noopener\">#wyntonmarsalis<\/a> <a href=\"https:\/\/facebook.com\/582734505071224\" target=\"_blank\" rel=\"noopener\">#jazz<\/a>atlincolncenter <a href=\"https:\/\/facebook.com\/350036068449540\" target=\"_blank\" rel=\"noopener\">#kulttuuri<\/a> <a href=\"https:\/\/facebook.com\/1146595935423221\" target=\"_blank\" rel=\"noopener\">#kes\u00e42026<\/a>\t\t\t<\/span>\n\t<span class=\"cff-expand\">... <a href=\"#\" style=\"color: #\"><span class=\"cff-more\">N\u00e4yt\u00e4 enemm\u00e4n<\/span><span class=\"cff-less\">N\u00e4yt\u00e4 v\u00e4hemm\u00e4n<\/span><\/a><\/span>\n\n<\/div>\n\n<p class=\"cff-media-link\">\n\t<a href=\"https:\/\/www.facebook.com\/1162305209256531\/posts\/1368621785291538\" target=\"_blank\" style=\"color: #\" rel=\"noopener\">\n\t\t<span style=\"padding-right: 5px;\" class=\"fa fas fa-picture-o fa-image\"><\/span>Kuva\t<\/a>\n<\/p>\n\t<\/div>\n\n\n\n<div id=\"cff_133037616745761_969445038786787\" class=\"cff-item cff-photo-post cff-box cff-shadow author-oulun-musiikkijuhlat---oulu-music-festival\"  style=\"border-radius:5px;background-color:#F1F1F1;\" >\n\t<div class=\"cff-author\">\n\t<div class=\"cff-author-text\">\n\t\t\t\t\t<div class=\"cff-page-name cff-author-date\" >\n\t\t\t\t<a href=\"https:\/\/facebook.com\/133037616745761\" target=\"_blank\" rel=\"nofollow noopener\">Oulun Musiikkijuhlat - Oulu Music Festival<\/a>\n\t\t\t\t<span class=\"cff-story\">  updated their cover photo.<\/span>\n\t\t\t<\/div>\n\t\t\t\n<p class=\"cff-date\" > 3 days ago <\/p>\n\t\t\t<\/div>\n\t<div class=\"cff-author-img \" data-avatar=\"https:\/\/scontent-hel3-1.xx.fbcdn.net\/v\/t39.30808-1\/326783758_1646962349089670_1870142676695532948_n.jpg?stp=cp0_dst-jpg_s50x50_tt6&#038;_nc_cat=101&#038;ccb=1-7&#038;_nc_sid=f907e8&#038;_nc_eui2=AeHUupV42RRsxlotSpeGMIPC2jpyqrFGHyDaOnKqsUYfIEs2yZyH4JIXX1d7WThIZuI&#038;_nc_ohc=Z2md6MZbFVUQ7kNvwF-rWDK&#038;_nc_oc=AdqOlAD7Bx8hj92YW5i-tuakzN0b6bSuuF15IHSSjE4gNkw6cgh1uAbHgV-KqldtiI4&#038;_nc_zt=24&#038;_nc_ht=scontent-hel3-1.xx&#038;edm=AKIiGfEEAAAA&#038;_nc_gid=R-RK5lJhxeJ-VHg3c5rRWg&#038;_nc_tpa=Q5bMBQFMydtfaluD6LqYlqnJIoNSJ7sAyU_4aN9-ssCO2_KdpI8-QYgd-LFzjxr7REqs1G7mmlNl_e_2_Q&#038;oh=00_Af2EyLIt2QU_JUCDLpyVa_PrZIpm5zjDsJSucgK5m6HRIQ&#038;oe=69F653E3\">\n\t\t<a href=\"https:\/\/facebook.com\/133037616745761\" target=\"_blank\" rel=\"nofollow noopener\"><img decoding=\"async\" src=\"https:\/\/scontent-hel3-1.xx.fbcdn.net\/v\/t39.30808-1\/326783758_1646962349089670_1870142676695532948_n.jpg?stp=cp0_dst-jpg_s50x50_tt6&#038;_nc_cat=101&#038;ccb=1-7&#038;_nc_sid=f907e8&#038;_nc_eui2=AeHUupV42RRsxlotSpeGMIPC2jpyqrFGHyDaOnKqsUYfIEs2yZyH4JIXX1d7WThIZuI&#038;_nc_ohc=Z2md6MZbFVUQ7kNvwF-rWDK&#038;_nc_oc=AdqOlAD7Bx8hj92YW5i-tuakzN0b6bSuuF15IHSSjE4gNkw6cgh1uAbHgV-KqldtiI4&#038;_nc_zt=24&#038;_nc_ht=scontent-hel3-1.xx&#038;edm=AKIiGfEEAAAA&#038;_nc_gid=R-RK5lJhxeJ-VHg3c5rRWg&#038;_nc_tpa=Q5bMBQFMydtfaluD6LqYlqnJIoNSJ7sAyU_4aN9-ssCO2_KdpI8-QYgd-LFzjxr7REqs1G7mmlNl_e_2_Q&#038;oh=00_Af2EyLIt2QU_JUCDLpyVa_PrZIpm5zjDsJSucgK5m6HRIQ&#038;oe=69F653E3\" title=\"Oulun Musiikkijuhlat - Oulu Music Festival\" alt=\"Oulun Musiikkijuhlat - Oulu Music Festival\" width=40 height=40 onerror=\"this.style.display='none'\"><\/a>\n\t<\/div>\n<\/div>\n\n<div class=\"cff-post-text\" >\n\t<span class=\"cff-text\" data-color=\"\">\n\t\tOulun Musiikkijuhlat - Oulu Music Festival&#039;s cover photo\t\t\t<\/span>\n\t<span class=\"cff-expand\">... <a href=\"#\" style=\"color: #\"><span class=\"cff-more\">N\u00e4yt\u00e4 enemm\u00e4n<\/span><span class=\"cff-less\">N\u00e4yt\u00e4 v\u00e4hemm\u00e4n<\/span><\/a><\/span>\n\n<\/div>\n\n<p class=\"cff-media-link\">\n\t<a href=\"https:\/\/www.facebook.com\/oulunmusiikkijuhlat\" target=\"_blank\" style=\"color: #\" rel=\"noopener\">\n\t\t<span style=\"padding-right: 5px;\" class=\"fa fas fa-picture-o fa-image\"><\/span>Kuva\t<\/a>\n<\/p>\n\t<\/div>\n\n\n\n<div id=\"cff_133037616745761_1365305358956514\" class=\"cff-item cff-photo-post cff-box cff-shadow author-oulun-musiikkijuhlat---oulu-music-festival\"  style=\"border-radius:5px;background-color:#F1F1F1;\" >\n\t<div class=\"cff-author\">\n\t<div class=\"cff-author-text\">\n\t\t\t\t\t<div class=\"cff-page-name cff-author-date\" >\n\t\t\t\t<a href=\"https:\/\/facebook.com\/133037616745761\" target=\"_blank\" rel=\"nofollow noopener\">Oulun Musiikkijuhlat - Oulu Music Festival<\/a>\n\t\t\t\t<span class=\"cff-story\">  is at Oulun Musiikkikeskus.<\/span>\n\t\t\t<\/div>\n\t\t\t\n<p class=\"cff-date\" > 6 days ago <\/p>\n\t\t\t<\/div>\n\t<div class=\"cff-author-img \" data-avatar=\"https:\/\/scontent-hel3-1.xx.fbcdn.net\/v\/t39.30808-1\/326783758_1646962349089670_1870142676695532948_n.jpg?stp=cp0_dst-jpg_s50x50_tt6&#038;_nc_cat=101&#038;ccb=1-7&#038;_nc_sid=f907e8&#038;_nc_eui2=AeHUupV42RRsxlotSpeGMIPC2jpyqrFGHyDaOnKqsUYfIEs2yZyH4JIXX1d7WThIZuI&#038;_nc_ohc=Z2md6MZbFVUQ7kNvwF-rWDK&#038;_nc_oc=AdqOlAD7Bx8hj92YW5i-tuakzN0b6bSuuF15IHSSjE4gNkw6cgh1uAbHgV-KqldtiI4&#038;_nc_zt=24&#038;_nc_ht=scontent-hel3-1.xx&#038;edm=AKIiGfEEAAAA&#038;_nc_gid=R-RK5lJhxeJ-VHg3c5rRWg&#038;_nc_tpa=Q5bMBQFMydtfaluD6LqYlqnJIoNSJ7sAyU_4aN9-ssCO2_KdpI8-QYgd-LFzjxr7REqs1G7mmlNl_e_2_Q&#038;oh=00_Af2EyLIt2QU_JUCDLpyVa_PrZIpm5zjDsJSucgK5m6HRIQ&#038;oe=69F653E3\">\n\t\t<a href=\"https:\/\/facebook.com\/133037616745761\" target=\"_blank\" rel=\"nofollow noopener\"><img decoding=\"async\" src=\"https:\/\/scontent-hel3-1.xx.fbcdn.net\/v\/t39.30808-1\/326783758_1646962349089670_1870142676695532948_n.jpg?stp=cp0_dst-jpg_s50x50_tt6&#038;_nc_cat=101&#038;ccb=1-7&#038;_nc_sid=f907e8&#038;_nc_eui2=AeHUupV42RRsxlotSpeGMIPC2jpyqrFGHyDaOnKqsUYfIEs2yZyH4JIXX1d7WThIZuI&#038;_nc_ohc=Z2md6MZbFVUQ7kNvwF-rWDK&#038;_nc_oc=AdqOlAD7Bx8hj92YW5i-tuakzN0b6bSuuF15IHSSjE4gNkw6cgh1uAbHgV-KqldtiI4&#038;_nc_zt=24&#038;_nc_ht=scontent-hel3-1.xx&#038;edm=AKIiGfEEAAAA&#038;_nc_gid=R-RK5lJhxeJ-VHg3c5rRWg&#038;_nc_tpa=Q5bMBQFMydtfaluD6LqYlqnJIoNSJ7sAyU_4aN9-ssCO2_KdpI8-QYgd-LFzjxr7REqs1G7mmlNl_e_2_Q&#038;oh=00_Af2EyLIt2QU_JUCDLpyVa_PrZIpm5zjDsJSucgK5m6HRIQ&#038;oe=69F653E3\" title=\"Oulun Musiikkijuhlat - Oulu Music Festival\" alt=\"Oulun Musiikkijuhlat - Oulu Music Festival\" width=40 height=40 onerror=\"this.style.display='none'\"><\/a>\n\t<\/div>\n<\/div>\n\n<div class=\"cff-post-text\" >\n\t<span class=\"cff-text\" data-color=\"\">\n\t\tViikossa myyty yli 50 % lipuista!\ud83d\udd25<img class=\"cff-linebreak\" \/><img class=\"cff-linebreak\" \/>Kun Wynton Marsalis saapuu Suomeen 15-henkisen Jazz at Lincoln Center Orchestran kanssa, kiinnostus on juuri sit\u00e4 luokkaa kuin pit\u00e4\u00e4kin ja nyt lipuista on jo yli puolet viety!<img class=\"cff-linebreak\" \/><img class=\"cff-linebreak\" \/>Jos aiot kokea yhden vuoden kovimmista jazz-illoista, nyt kannattaa toimia nopeasti. T\u00e4m\u00e4 ilta tulee myym\u00e4\u00e4n loppuun.<img class=\"cff-linebreak\" \/><img class=\"cff-linebreak\" \/>Jazz at Lincoln Center Orchestra with Wynton Marsalis<img class=\"cff-linebreak\" \/>\ud83d\udcc5 Ke 2.12.2026 klo 19<img class=\"cff-linebreak\" \/>\ud83d\udccd Madetojan sali, Oulu<img class=\"cff-linebreak\" \/>\ud83c\udfab Liput alkaen 79 \u20ac (lippu.fi, linkki biossa)<img class=\"cff-linebreak\" \/><img class=\"cff-linebreak\" \/>Kyseess\u00e4 on ainutlaatuinen osa Oulu2026 -vuotta sek\u00e4 suomalaisen jazzin 100-vuotisjuhlavuotta. Lue lis\u00e4\u00e4 osoitteessa: <a href=\"https:\/\/www.omj.fi\/konsertit\/jazz-at-lincoln-center-orchestra-with-wynton-marsalis\/\" rel=\"nofollow noopener noreferrer\">www.omj.fi\/konsertit\/jazz-at-lincoln-center-orchestra-with-wynton-marsalis\/<\/a> <img class=\"cff-linebreak\" \/><img class=\"cff-linebreak\" \/>Hae liput nyt ja varmista paikkasi!<img class=\"cff-linebreak\" \/>Mik\u00e4 loistava lahjaidea esimerkiksi \u00e4itienp\u00e4iv\u00e4ksi!\ud83d\udc40\ud83c\udf37<img class=\"cff-linebreak\" \/><img class=\"cff-linebreak\" \/>Oulun konsertin tuottavat yhteisty\u00f6ss\u00e4 Oulu2026, Oulun Musiikkijuhlat ja Oulun Musiikkikeskus.\u2060 @oulu2026official <a href=\"https:\/\/facebook.com\/361441460664401\" target=\"_blank\" rel=\"noopener\">Oulun Musiikkikeskus<\/a> <img class=\"cff-linebreak\" \/><img class=\"cff-linebreak\" \/><a href=\"https:\/\/facebook.com\/297850087011542\" target=\"_blank\" rel=\"noopener\">#wyntonmarsalis<\/a> <a href=\"https:\/\/facebook.com\/174253729395569\" target=\"_blank\" rel=\"noopener\">#jazzatlincolncenter<\/a> <a href=\"https:\/\/facebook.com\/1283992334950301\" target=\"_blank\" rel=\"noopener\">#oulumusicfestival<\/a> <a href=\"https:\/\/facebook.com\/871883839547989\" target=\"_blank\" rel=\"noopener\">#oulu2026<\/a> <a href=\"https:\/\/facebook.com\/9998796256907477\" target=\"_blank\" rel=\"noopener\">#JazzSuomi100<\/a> <a href=\"https:\/\/facebook.com\/740531972650340\" target=\"_blank\" rel=\"noopener\">#jazzfinland<\/a> <a href=\"https:\/\/facebook.com\/178179265673682\" target=\"_blank\" rel=\"noopener\">#livemusiikki<\/a> <a href=\"https:\/\/facebook.com\/474269735971568\" target=\"_blank\" rel=\"noopener\">#jazzlive<\/a> <a href=\"https:\/\/facebook.com\/622551107758682\" target=\"_blank\" rel=\"noopener\">#oulu<\/a> <a href=\"https:\/\/facebook.com\/350036068449540\" target=\"_blank\" rel=\"noopener\">#kulttuuri<\/a> <a href=\"https:\/\/facebook.com\/175446872610826\" target=\"_blank\" rel=\"noopener\">#konsertti<\/a>\t\t\t<\/span>\n\t<span class=\"cff-expand\">... <a href=\"#\" style=\"color: #\"><span class=\"cff-more\">N\u00e4yt\u00e4 enemm\u00e4n<\/span><span class=\"cff-less\">N\u00e4yt\u00e4 v\u00e4hemm\u00e4n<\/span><\/a><\/span>\n\n<\/div>\n\n<p class=\"cff-media-link\">\n\t<a href=\"https:\/\/www.facebook.com\/photo.php?fbid=1365296105624106&#038;set=a.551669880320070&#038;type=3\" target=\"_blank\" style=\"color: #\" rel=\"noopener\">\n\t\t<span style=\"padding-right: 5px;\" class=\"fa fas fa-picture-o fa-image\"><\/span>Kuva\t<\/a>\n<\/p>\n\t<\/div>\n\n\n\n<div id=\"cff_133037616745761_1364792232341160\" class=\"cff-item cff-status-post cff-album cff-box cff-shadow author-oulun-musiikkijuhlat---oulu-music-festival\"  style=\"border-radius:5px;background-color:#F1F1F1;\" >\n\t<div class=\"cff-author\">\n\t<div class=\"cff-author-text\">\n\t\t\t\t\t<div class=\"cff-page-name cff-author-date\" >\n\t\t\t\t<a href=\"https:\/\/facebook.com\/133037616745761\" target=\"_blank\" rel=\"nofollow noopener\">Oulun Musiikkijuhlat - Oulu Music Festival<\/a>\n\t\t\t\t<span class=\"cff-story\">  is at RioLive.<\/span>\n\t\t\t<\/div>\n\t\t\t\n<p class=\"cff-date\" > 7 days ago <\/p>\n\t\t\t<\/div>\n\t<div class=\"cff-author-img \" data-avatar=\"https:\/\/scontent-hel3-1.xx.fbcdn.net\/v\/t39.30808-1\/326783758_1646962349089670_1870142676695532948_n.jpg?stp=cp0_dst-jpg_s50x50_tt6&#038;_nc_cat=101&#038;ccb=1-7&#038;_nc_sid=f907e8&#038;_nc_eui2=AeHUupV42RRsxlotSpeGMIPC2jpyqrFGHyDaOnKqsUYfIEs2yZyH4JIXX1d7WThIZuI&#038;_nc_ohc=Z2md6MZbFVUQ7kNvwF-rWDK&#038;_nc_oc=AdqOlAD7Bx8hj92YW5i-tuakzN0b6bSuuF15IHSSjE4gNkw6cgh1uAbHgV-KqldtiI4&#038;_nc_zt=24&#038;_nc_ht=scontent-hel3-1.xx&#038;edm=AKIiGfEEAAAA&#038;_nc_gid=R-RK5lJhxeJ-VHg3c5rRWg&#038;_nc_tpa=Q5bMBQFMydtfaluD6LqYlqnJIoNSJ7sAyU_4aN9-ssCO2_KdpI8-QYgd-LFzjxr7REqs1G7mmlNl_e_2_Q&#038;oh=00_Af2EyLIt2QU_JUCDLpyVa_PrZIpm5zjDsJSucgK5m6HRIQ&#038;oe=69F653E3\">\n\t\t<a href=\"https:\/\/facebook.com\/133037616745761\" target=\"_blank\" rel=\"nofollow noopener\"><img decoding=\"async\" src=\"https:\/\/scontent-hel3-1.xx.fbcdn.net\/v\/t39.30808-1\/326783758_1646962349089670_1870142676695532948_n.jpg?stp=cp0_dst-jpg_s50x50_tt6&#038;_nc_cat=101&#038;ccb=1-7&#038;_nc_sid=f907e8&#038;_nc_eui2=AeHUupV42RRsxlotSpeGMIPC2jpyqrFGHyDaOnKqsUYfIEs2yZyH4JIXX1d7WThIZuI&#038;_nc_ohc=Z2md6MZbFVUQ7kNvwF-rWDK&#038;_nc_oc=AdqOlAD7Bx8hj92YW5i-tuakzN0b6bSuuF15IHSSjE4gNkw6cgh1uAbHgV-KqldtiI4&#038;_nc_zt=24&#038;_nc_ht=scontent-hel3-1.xx&#038;edm=AKIiGfEEAAAA&#038;_nc_gid=R-RK5lJhxeJ-VHg3c5rRWg&#038;_nc_tpa=Q5bMBQFMydtfaluD6LqYlqnJIoNSJ7sAyU_4aN9-ssCO2_KdpI8-QYgd-LFzjxr7REqs1G7mmlNl_e_2_Q&#038;oh=00_Af2EyLIt2QU_JUCDLpyVa_PrZIpm5zjDsJSucgK5m6HRIQ&#038;oe=69F653E3\" title=\"Oulun Musiikkijuhlat - Oulu Music Festival\" alt=\"Oulun Musiikkijuhlat - Oulu Music Festival\" width=40 height=40 onerror=\"this.style.display='none'\"><\/a>\n\t<\/div>\n<\/div>\n\n<div class=\"cff-post-text\" >\n\t<span class=\"cff-text\" data-color=\"\">\n\t\tMik\u00e4 ilta, Oulu!\ud83c\udfb7\u2728<img class=\"cff-linebreak\" \/><img class=\"cff-linebreak\" \/>Kev\u00e4\u00e4n viimeinen OMJ Jazz &amp; Etno -konsertti ei todellakaan j\u00e4tt\u00e4nyt kylm\u00e4ksi \u2013 <a href=\"https:\/\/facebook.com\/274753375979116\" target=\"_blank\" rel=\"noopener\">RioLive<\/a> t\u00e4yttyi kansainv\u00e4lisest\u00e4 jazzin energiasta, herkkyydest\u00e4 ja huikeasta yhteissoitosta.<img class=\"cff-linebreak\" \/><img class=\"cff-linebreak\" \/>Jukkis Uotila toi lavalle kvintettins\u00e4, ja meno oli alusta loppuun silkkaa laatua. Mukana loistivat maailmanluokan nimet: Seamus Blake, Gerard Presencer, Holger Marjamaa ja Aleksander Claffy.<img class=\"cff-linebreak\" \/><img class=\"cff-linebreak\" \/>Erityisen hienoa oli juhlistaa samalla International Jazz Day -henke\u00e4 sek\u00e4 olla osa Oulu2026 -kulttuuriohjelmaa ja Jazz Suomi 100 -juhlavuotta.<img class=\"cff-linebreak\" \/><img class=\"cff-linebreak\" \/>Kiitos kaikille paikalla olleille, Oulun Musiikkijuhlat kiitt\u00e4\u00e4 koko upeasta kev\u00e4\u00e4st\u00e4!\ud83d\udc9c\ud83d\udcab<img class=\"cff-linebreak\" \/><a href=\"https:\/\/facebook.com\/790498187734994\" target=\"_blank\" rel=\"noopener\"><a href=\"https:\/\/facebook.com\/582734505071224\" target=\"_blank\" rel=\"noopener\">#jazz<\/a>p\u00e4iv\u00e4<\/a> <a href=\"https:\/\/facebook.com\/158051931041356\" target=\"_blank\" rel=\"noopener\"><a href=\"https:\/\/facebook.com\/582734505071224\" target=\"_blank\" rel=\"noopener\">#jazz<\/a>dag<\/a> <a href=\"https:\/\/facebook.com\/517229738318403\" target=\"_blank\" rel=\"noopener\"><a href=\"https:\/\/facebook.com\/582734505071224\" target=\"_blank\" rel=\"noopener\">#jazz<\/a>day<\/a> <a href=\"https:\/\/facebook.com\/836185816450936\" target=\"_blank\" rel=\"noopener\">#JazzEtno<\/a>2026 <a href=\"https:\/\/facebook.com\/836185816450936\" target=\"_blank\" rel=\"noopener\">#JazzEtno<\/a> #OulunMusiikkijuhlat <a href=\"https:\/\/facebook.com\/731519966888129\" target=\"_blank\" rel=\"noopener\">#jukkisuotila<\/a> <a href=\"https:\/\/facebook.com\/582734505071224\" target=\"_blank\" rel=\"noopener\">#jazz<\/a> <a href=\"https:\/\/facebook.com\/213624678779344\" target=\"_blank\" rel=\"noopener\">#livejazz<\/a> <a href=\"https:\/\/facebook.com\/607266619316463\" target=\"_blank\" rel=\"noopener\">#suomijazz<\/a> <a href=\"https:\/\/facebook.com\/622551107758682\" target=\"_blank\" rel=\"noopener\">#oulu<\/a> <a href=\"https:\/\/facebook.com\/479346808810268\" target=\"_blank\" rel=\"noopener\">#riolive<\/a> <a href=\"https:\/\/facebook.com\/178179265673682\" target=\"_blank\" rel=\"noopener\">#livemusiikki<\/a> <a href=\"https:\/\/facebook.com\/175446872610826\" target=\"_blank\" rel=\"noopener\">#konsertti<\/a> <a href=\"https:\/\/facebook.com\/350036068449540\" target=\"_blank\" rel=\"noopener\">#kulttuuri<\/a> <a href=\"https:\/\/facebook.com\/9998796256907477\" target=\"_blank\" rel=\"noopener\">#JazzSuomi100<\/a> #Oulu2026 <a href=\"https:\/\/facebook.com\/136862976500787\" target=\"_blank\" rel=\"noopener\">#musicfinland<\/a> <a href=\"https:\/\/facebook.com\/476014245803449\" target=\"_blank\" rel=\"noopener\">#keikat<\/a> <a href=\"https:\/\/facebook.com\/147919325397618\" target=\"_blank\" rel=\"noopener\">#tapahtumat<\/a> <img class=\"cff-linebreak\" \/><img class=\"cff-linebreak\" \/><a href=\"https:\/\/facebook.com\/1113065748803168\" target=\"_blank\" rel=\"noopener\">Oulu2026 - European Capital of Culture 2026<\/a><img class=\"cff-linebreak\" \/><a href=\"https:\/\/facebook.com\/274753375979116\" target=\"_blank\" rel=\"noopener\">RioLive<\/a>\t\t\t<\/span>\n\t<span class=\"cff-expand\">... <a href=\"#\" style=\"color: #\"><span class=\"cff-more\">N\u00e4yt\u00e4 enemm\u00e4n<\/span><span class=\"cff-less\">N\u00e4yt\u00e4 v\u00e4hemm\u00e4n<\/span><\/a><\/span>\n\n<\/div>\n\n<p class=\"cff-media-link\">\n\t<a href=\"https:\/\/www.facebook.com\/1162305209256531\/posts\/1364792232341160\" target=\"_blank\" style=\"color: #\" rel=\"noopener\">\n\t\t<span style=\"padding-right: 5px;\" class=\"fa fas fa-picture-o fa-image\"><\/span>Kuva\t<\/a>\n<\/p>\n\t<\/div>\n\n\n\n<div id=\"cff_133037616745761_1363870359100014\" class=\"cff-item cff-photo-post cff-box cff-shadow author-oulun-musiikkijuhlat---oulu-music-festival\"  style=\"border-radius:5px;background-color:#F1F1F1;\" >\n\t<div class=\"cff-author\">\n\t<div class=\"cff-author-text\">\n\t\t\t\t\t<div class=\"cff-page-name cff-author-date\" >\n\t\t\t\t<a href=\"https:\/\/facebook.com\/133037616745761\" target=\"_blank\" rel=\"nofollow noopener\">Oulun Musiikkijuhlat - Oulu Music Festival<\/a>\n\t\t\t\t<span class=\"cff-story\">  is at Oulu.<\/span>\n\t\t\t<\/div>\n\t\t\t\n<p class=\"cff-date\" > 1 week ago <\/p>\n\t\t\t<\/div>\n\t<div class=\"cff-author-img \" data-avatar=\"https:\/\/scontent-hel3-1.xx.fbcdn.net\/v\/t39.30808-1\/326783758_1646962349089670_1870142676695532948_n.jpg?stp=cp0_dst-jpg_s50x50_tt6&#038;_nc_cat=101&#038;ccb=1-7&#038;_nc_sid=f907e8&#038;_nc_eui2=AeHUupV42RRsxlotSpeGMIPC2jpyqrFGHyDaOnKqsUYfIEs2yZyH4JIXX1d7WThIZuI&#038;_nc_ohc=Z2md6MZbFVUQ7kNvwF-rWDK&#038;_nc_oc=AdqOlAD7Bx8hj92YW5i-tuakzN0b6bSuuF15IHSSjE4gNkw6cgh1uAbHgV-KqldtiI4&#038;_nc_zt=24&#038;_nc_ht=scontent-hel3-1.xx&#038;edm=AKIiGfEEAAAA&#038;_nc_gid=R-RK5lJhxeJ-VHg3c5rRWg&#038;_nc_tpa=Q5bMBQFMydtfaluD6LqYlqnJIoNSJ7sAyU_4aN9-ssCO2_KdpI8-QYgd-LFzjxr7REqs1G7mmlNl_e_2_Q&#038;oh=00_Af2EyLIt2QU_JUCDLpyVa_PrZIpm5zjDsJSucgK5m6HRIQ&#038;oe=69F653E3\">\n\t\t<a href=\"https:\/\/facebook.com\/133037616745761\" target=\"_blank\" rel=\"nofollow noopener\"><img decoding=\"async\" src=\"https:\/\/scontent-hel3-1.xx.fbcdn.net\/v\/t39.30808-1\/326783758_1646962349089670_1870142676695532948_n.jpg?stp=cp0_dst-jpg_s50x50_tt6&#038;_nc_cat=101&#038;ccb=1-7&#038;_nc_sid=f907e8&#038;_nc_eui2=AeHUupV42RRsxlotSpeGMIPC2jpyqrFGHyDaOnKqsUYfIEs2yZyH4JIXX1d7WThIZuI&#038;_nc_ohc=Z2md6MZbFVUQ7kNvwF-rWDK&#038;_nc_oc=AdqOlAD7Bx8hj92YW5i-tuakzN0b6bSuuF15IHSSjE4gNkw6cgh1uAbHgV-KqldtiI4&#038;_nc_zt=24&#038;_nc_ht=scontent-hel3-1.xx&#038;edm=AKIiGfEEAAAA&#038;_nc_gid=R-RK5lJhxeJ-VHg3c5rRWg&#038;_nc_tpa=Q5bMBQFMydtfaluD6LqYlqnJIoNSJ7sAyU_4aN9-ssCO2_KdpI8-QYgd-LFzjxr7REqs1G7mmlNl_e_2_Q&#038;oh=00_Af2EyLIt2QU_JUCDLpyVa_PrZIpm5zjDsJSucgK5m6HRIQ&#038;oe=69F653E3\" title=\"Oulun Musiikkijuhlat - Oulu Music Festival\" alt=\"Oulun Musiikkijuhlat - Oulu Music Festival\" width=40 height=40 onerror=\"this.style.display='none'\"><\/a>\n\t<\/div>\n<\/div>\n\n<div class=\"cff-post-text\" >\n\t<span class=\"cff-text\" data-color=\"\">\n\t\tKiitos kaikille palautekyselyyn vastanneille! \ud83d\udc9c<img class=\"cff-linebreak\" \/><img class=\"cff-linebreak\" \/>Saimme paljon arvokasta palautetta, jonka avulla voimme kehitt\u00e4\u00e4 Oulun Musiikkijuhlia entist\u00e4 paremmaksi tulevaisuudessa.<img class=\"cff-linebreak\" \/><img class=\"cff-linebreak\" \/>Kyselyn arvonta on suoritettu ja voittajiin on oltu yhteydess\u00e4 henkil\u00f6kohtaisesti s\u00e4hk\u00f6postitse.<img class=\"cff-linebreak\" \/><img class=\"cff-linebreak\" \/>Ja viel\u00e4 ehtii mukaan nauttimaan musiikista vaikka arpaonni ei osunut kohdalle!<img class=\"cff-linebreak\" \/>Lippuja on saatavilla huomiseen Jukkis Uotila -konserttiin (Jazz &amp; Etno) RioLivess\u00e4 klo 19.00 \u2013 nappaa omasi ja tule mukaan! (Lippu.fi)<img class=\"cff-linebreak\" \/><img class=\"cff-linebreak\" \/>N\u00e4hd\u00e4\u00e4n huomenna!\ud83d\udd25<img class=\"cff-linebreak\" \/><img class=\"cff-linebreak\" \/>Kuva: Maarit Kyt\u00f6harju<img class=\"cff-linebreak\" \/><img class=\"cff-linebreak\" \/>#OulunMusiikkijuhlat #Oulu <a href=\"https:\/\/facebook.com\/350036068449540\" target=\"_blank\" rel=\"noopener\">#kulttuuri<\/a> <a href=\"https:\/\/facebook.com\/136264733212641\" target=\"_blank\" rel=\"noopener\">#musiikki<\/a> <a href=\"https:\/\/facebook.com\/511624352225847\" target=\"_blank\" rel=\"noopener\">#festivaali<\/a> <a href=\"https:\/\/facebook.com\/597435676950703\" target=\"_blank\" rel=\"noopener\">#live<\/a> <a href=\"https:\/\/facebook.com\/175446872610826\" target=\"_blank\" rel=\"noopener\">#konsertti<\/a> <a href=\"https:\/\/facebook.com\/582734505071224\" target=\"_blank\" rel=\"noopener\">#jazz<\/a>\t\t\t<\/span>\n\t<span class=\"cff-expand\">... <a href=\"#\" style=\"color: #\"><span class=\"cff-more\">N\u00e4yt\u00e4 enemm\u00e4n<\/span><span class=\"cff-less\">N\u00e4yt\u00e4 v\u00e4hemm\u00e4n<\/span><\/a><\/span>\n\n<\/div>\n\n<p class=\"cff-media-link\">\n\t<a href=\"https:\/\/www.facebook.com\/photo.php?fbid=1363864765767240&#038;set=a.551669880320070&#038;type=3\" target=\"_blank\" style=\"color: #\" rel=\"noopener\">\n\t\t<span style=\"padding-right: 5px;\" class=\"fa fas fa-picture-o fa-image\"><\/span>Kuva\t<\/a>\n<\/p>\n\t<\/div>\n\n\n\n<div id=\"cff_133037616745761_1363852665768450\" class=\"cff-item cff-link-item cff-box cff-shadow author-oulun-musiikkijuhlat---oulu-music-festival\"  style=\"border-radius:5px;background-color:#F1F1F1;\" >\n\t<div class=\"cff-author\">\n\t<div class=\"cff-author-text\">\n\t\t\t\t\t<div class=\"cff-page-name cff-author-date\" >\n\t\t\t\t<a href=\"https:\/\/facebook.com\/133037616745761\" target=\"_blank\" rel=\"nofollow noopener\">Oulun Musiikkijuhlat - Oulu Music Festival<\/a>\n\t\t\t\t<span class=\"cff-story\"> <\/span>\n\t\t\t<\/div>\n\t\t\t\n<p class=\"cff-date\" > 1 week ago <\/p>\n\t\t\t<\/div>\n\t<div class=\"cff-author-img \" data-avatar=\"https:\/\/scontent-hel3-1.xx.fbcdn.net\/v\/t39.30808-1\/326783758_1646962349089670_1870142676695532948_n.jpg?stp=cp0_dst-jpg_s50x50_tt6&#038;_nc_cat=101&#038;ccb=1-7&#038;_nc_sid=f907e8&#038;_nc_eui2=AeHUupV42RRsxlotSpeGMIPC2jpyqrFGHyDaOnKqsUYfIEs2yZyH4JIXX1d7WThIZuI&#038;_nc_ohc=Z2md6MZbFVUQ7kNvwF-rWDK&#038;_nc_oc=AdqOlAD7Bx8hj92YW5i-tuakzN0b6bSuuF15IHSSjE4gNkw6cgh1uAbHgV-KqldtiI4&#038;_nc_zt=24&#038;_nc_ht=scontent-hel3-1.xx&#038;edm=AKIiGfEEAAAA&#038;_nc_gid=R-RK5lJhxeJ-VHg3c5rRWg&#038;_nc_tpa=Q5bMBQFMydtfaluD6LqYlqnJIoNSJ7sAyU_4aN9-ssCO2_KdpI8-QYgd-LFzjxr7REqs1G7mmlNl_e_2_Q&#038;oh=00_Af2EyLIt2QU_JUCDLpyVa_PrZIpm5zjDsJSucgK5m6HRIQ&#038;oe=69F653E3\">\n\t\t<a href=\"https:\/\/facebook.com\/133037616745761\" target=\"_blank\" rel=\"nofollow noopener\"><img decoding=\"async\" src=\"https:\/\/scontent-hel3-1.xx.fbcdn.net\/v\/t39.30808-1\/326783758_1646962349089670_1870142676695532948_n.jpg?stp=cp0_dst-jpg_s50x50_tt6&#038;_nc_cat=101&#038;ccb=1-7&#038;_nc_sid=f907e8&#038;_nc_eui2=AeHUupV42RRsxlotSpeGMIPC2jpyqrFGHyDaOnKqsUYfIEs2yZyH4JIXX1d7WThIZuI&#038;_nc_ohc=Z2md6MZbFVUQ7kNvwF-rWDK&#038;_nc_oc=AdqOlAD7Bx8hj92YW5i-tuakzN0b6bSuuF15IHSSjE4gNkw6cgh1uAbHgV-KqldtiI4&#038;_nc_zt=24&#038;_nc_ht=scontent-hel3-1.xx&#038;edm=AKIiGfEEAAAA&#038;_nc_gid=R-RK5lJhxeJ-VHg3c5rRWg&#038;_nc_tpa=Q5bMBQFMydtfaluD6LqYlqnJIoNSJ7sAyU_4aN9-ssCO2_KdpI8-QYgd-LFzjxr7REqs1G7mmlNl_e_2_Q&#038;oh=00_Af2EyLIt2QU_JUCDLpyVa_PrZIpm5zjDsJSucgK5m6HRIQ&#038;oe=69F653E3\" title=\"Oulun Musiikkijuhlat - Oulu Music Festival\" alt=\"Oulun Musiikkijuhlat - Oulu Music Festival\" width=40 height=40 onerror=\"this.style.display='none'\"><\/a>\n\t<\/div>\n<\/div>\n\n<div class=\"cff-post-text\" >\n\t<span class=\"cff-text\" data-color=\"\">\n\t\tHuomenna t\u00e4t\u00e4 luvassa <a href=\"https:\/\/facebook.com\/274753375979116\" target=\"_blank\" rel=\"noopener\">RioLive<\/a> klo 19:00\u203c\ufe0f<img class=\"cff-linebreak\" \/>Tervetuloa nauttimaan kev\u00e4\u00e4n viimeisest\u00e4 Jazz &amp; Etno konsertista!<img class=\"cff-linebreak\" \/>Osta liput: <a href=\"https:\/\/www.lippu.fi\/event\/omj-jazz-etno-riolive-21141807\/\" rel=\"nofollow noopener noreferrer\" target=\"_blank\">www.lippu.fi\/event\/omj-jazz-etno-riolive-21141807\/<\/a>\ud83d\udd25<img class=\"cff-linebreak\" \/><a href=\"https:\/\/facebook.com\/1113065748803168\" target=\"_blank\" rel=\"noopener\">Oulu2026 - European Capital of Culture 2026<\/a> OMJ Jazz &amp; Etno: Jukkis Uotila Band\t\t\t<\/span>\n\t<span class=\"cff-expand\">... <a href=\"#\" style=\"color: #\"><span class=\"cff-more\">N\u00e4yt\u00e4 enemm\u00e4n<\/span><span class=\"cff-less\">N\u00e4yt\u00e4 v\u00e4hemm\u00e4n<\/span><\/a><\/span>\n\n<\/div>\n\n<\/div>\n\n\n\n<div id=\"cff_133037616745761_1362005835953133\" class=\"cff-item cff-photo-post cff-box cff-shadow author-oulun-musiikkijuhlat---oulu-music-festival\"  style=\"border-radius:5px;background-color:#F1F1F1;\" >\n\t<div class=\"cff-author\">\n\t<div class=\"cff-author-text\">\n\t\t\t\t\t<div class=\"cff-page-name cff-author-date\" >\n\t\t\t\t<a href=\"https:\/\/facebook.com\/133037616745761\" target=\"_blank\" rel=\"nofollow noopener\">Oulun Musiikkijuhlat - Oulu Music Festival<\/a>\n\t\t\t\t<span class=\"cff-story\">  is at RioLive.<\/span>\n\t\t\t<\/div>\n\t\t\t\n<p class=\"cff-date\" > 1 week ago <\/p>\n\t\t\t<\/div>\n\t<div class=\"cff-author-img \" data-avatar=\"https:\/\/scontent-hel3-1.xx.fbcdn.net\/v\/t39.30808-1\/326783758_1646962349089670_1870142676695532948_n.jpg?stp=cp0_dst-jpg_s50x50_tt6&#038;_nc_cat=101&#038;ccb=1-7&#038;_nc_sid=f907e8&#038;_nc_eui2=AeHUupV42RRsxlotSpeGMIPC2jpyqrFGHyDaOnKqsUYfIEs2yZyH4JIXX1d7WThIZuI&#038;_nc_ohc=Z2md6MZbFVUQ7kNvwF-rWDK&#038;_nc_oc=AdqOlAD7Bx8hj92YW5i-tuakzN0b6bSuuF15IHSSjE4gNkw6cgh1uAbHgV-KqldtiI4&#038;_nc_zt=24&#038;_nc_ht=scontent-hel3-1.xx&#038;edm=AKIiGfEEAAAA&#038;_nc_gid=R-RK5lJhxeJ-VHg3c5rRWg&#038;_nc_tpa=Q5bMBQFMydtfaluD6LqYlqnJIoNSJ7sAyU_4aN9-ssCO2_KdpI8-QYgd-LFzjxr7REqs1G7mmlNl_e_2_Q&#038;oh=00_Af2EyLIt2QU_JUCDLpyVa_PrZIpm5zjDsJSucgK5m6HRIQ&#038;oe=69F653E3\">\n\t\t<a href=\"https:\/\/facebook.com\/133037616745761\" target=\"_blank\" rel=\"nofollow noopener\"><img decoding=\"async\" src=\"https:\/\/scontent-hel3-1.xx.fbcdn.net\/v\/t39.30808-1\/326783758_1646962349089670_1870142676695532948_n.jpg?stp=cp0_dst-jpg_s50x50_tt6&#038;_nc_cat=101&#038;ccb=1-7&#038;_nc_sid=f907e8&#038;_nc_eui2=AeHUupV42RRsxlotSpeGMIPC2jpyqrFGHyDaOnKqsUYfIEs2yZyH4JIXX1d7WThIZuI&#038;_nc_ohc=Z2md6MZbFVUQ7kNvwF-rWDK&#038;_nc_oc=AdqOlAD7Bx8hj92YW5i-tuakzN0b6bSuuF15IHSSjE4gNkw6cgh1uAbHgV-KqldtiI4&#038;_nc_zt=24&#038;_nc_ht=scontent-hel3-1.xx&#038;edm=AKIiGfEEAAAA&#038;_nc_gid=R-RK5lJhxeJ-VHg3c5rRWg&#038;_nc_tpa=Q5bMBQFMydtfaluD6LqYlqnJIoNSJ7sAyU_4aN9-ssCO2_KdpI8-QYgd-LFzjxr7REqs1G7mmlNl_e_2_Q&#038;oh=00_Af2EyLIt2QU_JUCDLpyVa_PrZIpm5zjDsJSucgK5m6HRIQ&#038;oe=69F653E3\" title=\"Oulun Musiikkijuhlat - Oulu Music Festival\" alt=\"Oulun Musiikkijuhlat - Oulu Music Festival\" width=40 height=40 onerror=\"this.style.display='none'\"><\/a>\n\t<\/div>\n<\/div>\n\n<div class=\"cff-post-text\" >\n\t<span class=\"cff-text\" data-color=\"\">\n\t\tKev\u00e4\u00e4n viimeinen OMJ Jazz &amp; Etno -konsertti l\u00e4hestyy!\ud83c\udfb7\u2728<img class=\"cff-linebreak\" \/><img class=\"cff-linebreak\" \/>Jukkis Uotila tuo kansainv\u00e4lisen kvintettins\u00e4 <a href=\"https:\/\/facebook.com\/274753375979116\" target=\"_blank\" rel=\"noopener\">RioLive<\/a>en t\u00e4n\u00e4 torstaina \u2013 luvassa on energist\u00e4 modernia jazzia ja herkki\u00e4 balladeja. <img class=\"cff-linebreak\" \/><img class=\"cff-linebreak\" \/>Lavalla n\u00e4hd\u00e4\u00e4n huippukokoonpano:<img class=\"cff-linebreak\" \/>Seamus Blake<img class=\"cff-linebreak\" \/>Gerard Presencer<img class=\"cff-linebreak\" \/>Holger Marjamaa<img class=\"cff-linebreak\" \/>Aleksander Claffy<img class=\"cff-linebreak\" \/><img class=\"cff-linebreak\" \/>\ud83d\udcc5 23.04.2026 klo 19:00<img class=\"cff-linebreak\" \/>\ud83d\udccd <a href=\"https:\/\/facebook.com\/274753375979116\" target=\"_blank\" rel=\"noopener\">RioLive<\/a>, Oulu<img class=\"cff-linebreak\" \/>\u23f1\ufe0f Kesto noin 2 h (sis. v\u00e4liaika)<img class=\"cff-linebreak\" \/><img class=\"cff-linebreak\" \/>\ud83c\udf9f\ufe0f Liput: 24 \u20ac \/ 15 \u20ac \/ 10 \u20ac (Lippu.fi)<img class=\"cff-linebreak\" \/><img class=\"cff-linebreak\" \/>Konsertti on osa Oulu2026 -kulttuuriohjelmaa, International Jazz Dayn juhlintaa sek\u00e4 Jazz Suomi 100 -juhlavuotta.<img class=\"cff-linebreak\" \/><img class=\"cff-linebreak\" \/>Tule mukaan kev\u00e4\u00e4n viimeiseen jazz-el\u00e4mykseen! <img class=\"cff-linebreak\" \/><img class=\"cff-linebreak\" \/><a href=\"https:\/\/facebook.com\/790498187734994\" target=\"_blank\" rel=\"noopener\"><a href=\"https:\/\/facebook.com\/582734505071224\" target=\"_blank\" rel=\"noopener\">#jazz<\/a>p\u00e4iv\u00e4<\/a> <a href=\"https:\/\/facebook.com\/158051931041356\" target=\"_blank\" rel=\"noopener\"><a href=\"https:\/\/facebook.com\/582734505071224\" target=\"_blank\" rel=\"noopener\">#jazz<\/a>dag<\/a> <a href=\"https:\/\/facebook.com\/517229738318403\" target=\"_blank\" rel=\"noopener\"><a href=\"https:\/\/facebook.com\/582734505071224\" target=\"_blank\" rel=\"noopener\">#jazz<\/a>day<\/a> <a href=\"https:\/\/facebook.com\/836185816450936\" target=\"_blank\" rel=\"noopener\">#JazzEtno<\/a>2026 <a href=\"https:\/\/facebook.com\/836185816450936\" target=\"_blank\" rel=\"noopener\">#JazzEtno<\/a> #OulunMusiikkijuhlat <a href=\"https:\/\/facebook.com\/731519966888129\" target=\"_blank\" rel=\"noopener\">#jukkisuotila<\/a> <a href=\"https:\/\/facebook.com\/582734505071224\" target=\"_blank\" rel=\"noopener\">#jazz<\/a> <a href=\"https:\/\/facebook.com\/213624678779344\" target=\"_blank\" rel=\"noopener\">#livejazz<\/a> <a href=\"https:\/\/facebook.com\/607266619316463\" target=\"_blank\" rel=\"noopener\">#suomijazz<\/a> <a href=\"https:\/\/facebook.com\/622551107758682\" target=\"_blank\" rel=\"noopener\">#oulu<\/a> <a href=\"https:\/\/facebook.com\/479346808810268\" target=\"_blank\" rel=\"noopener\">#riolive<\/a> <a href=\"https:\/\/facebook.com\/178179265673682\" target=\"_blank\" rel=\"noopener\">#livemusiikki<\/a> <a href=\"https:\/\/facebook.com\/175446872610826\" target=\"_blank\" rel=\"noopener\">#konsertti<\/a> <a href=\"https:\/\/facebook.com\/350036068449540\" target=\"_blank\" rel=\"noopener\">#kulttuuri<\/a> <a href=\"https:\/\/facebook.com\/9998796256907477\" target=\"_blank\" rel=\"noopener\">#JazzSuomi100<\/a> #Oulu2026 <a href=\"https:\/\/facebook.com\/136862976500787\" target=\"_blank\" rel=\"noopener\">#musicfinland<\/a> <a href=\"https:\/\/facebook.com\/476014245803449\" target=\"_blank\" rel=\"noopener\">#keikat<\/a> <a href=\"https:\/\/facebook.com\/147919325397618\" target=\"_blank\" rel=\"noopener\">#tapahtumat<\/a> <a href=\"https:\/\/facebook.com\/1113065748803168\" target=\"_blank\" rel=\"noopener\">Oulu2026 - European Capital of Culture 2026<\/a> <a href=\"https:\/\/facebook.com\/274753375979116\" target=\"_blank\" rel=\"noopener\">RioLive<\/a> <a href=\"https:\/\/facebook.com\/163423670377936\" target=\"_blank\" rel=\"noopener\">Suomen Jazzliitto \/ Finnish Jazz Federation<\/a>\t\t\t<\/span>\n\t<span class=\"cff-expand\">... <a href=\"#\" style=\"color: #\"><span class=\"cff-more\">N\u00e4yt\u00e4 enemm\u00e4n<\/span><span class=\"cff-less\">N\u00e4yt\u00e4 v\u00e4hemm\u00e4n<\/span><\/a><\/span>\n\n<\/div>\n\n<p class=\"cff-media-link\">\n\t<a href=\"https:\/\/www.facebook.com\/photo.php?fbid=1362001245953592&#038;set=a.551669880320070&#038;type=3\" target=\"_blank\" style=\"color: #\" rel=\"noopener\">\n\t\t<span style=\"padding-right: 5px;\" class=\"fa fas fa-picture-o fa-image\"><\/span>Kuva\t<\/a>\n<\/p>\n\t<\/div>\n\n\n\n<div id=\"cff_133037616745761_1359770866176630\" class=\"cff-item cff-photo-post cff-box cff-shadow author-oulun-musiikkijuhlat---oulu-music-festival\"  style=\"border-radius:5px;background-color:#F1F1F1;\" >\n\t<div class=\"cff-author\">\n\t<div class=\"cff-author-text\">\n\t\t\t\t\t<div class=\"cff-page-name cff-author-date\" >\n\t\t\t\t<a href=\"https:\/\/facebook.com\/133037616745761\" target=\"_blank\" rel=\"nofollow noopener\">Oulun Musiikkijuhlat - Oulu Music Festival<\/a>\n\t\t\t\t<span class=\"cff-story\">  is at Jumpru Pub.<\/span>\n\t\t\t<\/div>\n\t\t\t\n<p class=\"cff-date\" > 2 weeks ago <\/p>\n\t\t\t<\/div>\n\t<div class=\"cff-author-img \" data-avatar=\"https:\/\/scontent-hel3-1.xx.fbcdn.net\/v\/t39.30808-1\/326783758_1646962349089670_1870142676695532948_n.jpg?stp=cp0_dst-jpg_s50x50_tt6&#038;_nc_cat=101&#038;ccb=1-7&#038;_nc_sid=f907e8&#038;_nc_eui2=AeHUupV42RRsxlotSpeGMIPC2jpyqrFGHyDaOnKqsUYfIEs2yZyH4JIXX1d7WThIZuI&#038;_nc_ohc=Z2md6MZbFVUQ7kNvwF-rWDK&#038;_nc_oc=AdqOlAD7Bx8hj92YW5i-tuakzN0b6bSuuF15IHSSjE4gNkw6cgh1uAbHgV-KqldtiI4&#038;_nc_zt=24&#038;_nc_ht=scontent-hel3-1.xx&#038;edm=AKIiGfEEAAAA&#038;_nc_gid=R-RK5lJhxeJ-VHg3c5rRWg&#038;_nc_tpa=Q5bMBQFMydtfaluD6LqYlqnJIoNSJ7sAyU_4aN9-ssCO2_KdpI8-QYgd-LFzjxr7REqs1G7mmlNl_e_2_Q&#038;oh=00_Af2EyLIt2QU_JUCDLpyVa_PrZIpm5zjDsJSucgK5m6HRIQ&#038;oe=69F653E3\">\n\t\t<a href=\"https:\/\/facebook.com\/133037616745761\" target=\"_blank\" rel=\"nofollow noopener\"><img decoding=\"async\" src=\"https:\/\/scontent-hel3-1.xx.fbcdn.net\/v\/t39.30808-1\/326783758_1646962349089670_1870142676695532948_n.jpg?stp=cp0_dst-jpg_s50x50_tt6&#038;_nc_cat=101&#038;ccb=1-7&#038;_nc_sid=f907e8&#038;_nc_eui2=AeHUupV42RRsxlotSpeGMIPC2jpyqrFGHyDaOnKqsUYfIEs2yZyH4JIXX1d7WThIZuI&#038;_nc_ohc=Z2md6MZbFVUQ7kNvwF-rWDK&#038;_nc_oc=AdqOlAD7Bx8hj92YW5i-tuakzN0b6bSuuF15IHSSjE4gNkw6cgh1uAbHgV-KqldtiI4&#038;_nc_zt=24&#038;_nc_ht=scontent-hel3-1.xx&#038;edm=AKIiGfEEAAAA&#038;_nc_gid=R-RK5lJhxeJ-VHg3c5rRWg&#038;_nc_tpa=Q5bMBQFMydtfaluD6LqYlqnJIoNSJ7sAyU_4aN9-ssCO2_KdpI8-QYgd-LFzjxr7REqs1G7mmlNl_e_2_Q&#038;oh=00_Af2EyLIt2QU_JUCDLpyVa_PrZIpm5zjDsJSucgK5m6HRIQ&#038;oe=69F653E3\" title=\"Oulun Musiikkijuhlat - Oulu Music Festival\" alt=\"Oulun Musiikkijuhlat - Oulu Music Festival\" width=40 height=40 onerror=\"this.style.display='none'\"><\/a>\n\t<\/div>\n<\/div>\n\n<div class=\"cff-post-text\" >\n\t<span class=\"cff-text\" data-color=\"\">\n\t\tViimeinen viikonloppu aikaa hakea mukaan esiintyj\u00e4ksi kes\u00e4n Jazzpatiolle!\u23f3<img class=\"cff-linebreak\" \/><img class=\"cff-linebreak\" \/>Jazzpatio viett\u00e4\u00e4 10-vuotisjuhlavuottaan \u2013 ja nyt on viimeinen hetki hakea mukaan kes\u00e4n 2026 ohjelmistoon. Vuodesta 2016 j\u00e4rjestetty Jazzpatio on kasvanut yhdeksi Oulun kes\u00e4n odotetuimmista liveklubisarjoista! \ud83d\udc9b<img class=\"cff-linebreak\" \/><img class=\"cff-linebreak\" \/>Kes\u00e4n keikat:<img class=\"cff-linebreak\" \/>\ud83d\udccd Jumpru Pubn patio<img class=\"cff-linebreak\" \/>\ud83d\udcc5 Tiistaisin 16.6.\u201311.8. + to 13.8.2026<img class=\"cff-linebreak\" \/>\ud83c\udfab Vapaa p\u00e4\u00e4sy | K-20<img class=\"cff-linebreak\" \/><img class=\"cff-linebreak\" \/>J\u00e4t\u00e4 hakemuksesi viimeist\u00e4\u00e4n 19.4.!<img class=\"cff-linebreak\" \/><img class=\"cff-linebreak\" \/>Lis\u00e4tiedot ja hakuohjeet: omj.fi\/jazzpatio<img class=\"cff-linebreak\" \/>Jazzpation tuottaa Oulun Musiikkijuhlat<img class=\"cff-linebreak\" \/><img class=\"cff-linebreak\" \/><a href=\"https:\/\/facebook.com\/856004094424652\" target=\"_blank\" rel=\"noopener\">#jazzpatio<\/a> <a href=\"https:\/\/facebook.com\/622551107758682\" target=\"_blank\" rel=\"noopener\">#oulu<\/a> <a href=\"https:\/\/facebook.com\/725087354178318\" target=\"_blank\" rel=\"noopener\">#oulunmusiikkijuhlat<\/a> <a href=\"https:\/\/facebook.com\/545910478762760\" target=\"_blank\" rel=\"noopener\">#OMJ<\/a> <a href=\"https:\/\/facebook.com\/2794525554003804\" target=\"_blank\" rel=\"noopener\">#jumpruoulu<\/a>\t\t\t<\/span>\n\t<span class=\"cff-expand\">... <a href=\"#\" style=\"color: #\"><span class=\"cff-more\">N\u00e4yt\u00e4 enemm\u00e4n<\/span><span class=\"cff-less\">N\u00e4yt\u00e4 v\u00e4hemm\u00e4n<\/span><\/a><\/span>\n\n<\/div>\n\n<p class=\"cff-media-link\">\n\t<a href=\"https:\/\/www.facebook.com\/photo.php?fbid=1359770849509965&#038;set=a.551669880320070&#038;type=3\" target=\"_blank\" style=\"color: #\" rel=\"noopener\">\n\t\t<span style=\"padding-right: 5px;\" class=\"fa fas fa-picture-o fa-image\"><\/span>Kuva\t<\/a>\n<\/p>\n\t<\/div>\n\n\n\n<\/div><input class=\"cff-pag-url\" type=\"hidden\" data-locatornonce=\"658d60f853\" data-cff-shortcode=\"{&quot;feed&quot;: &quot;2&quot;}\" data-post-id=\"20336\" data-feed-id=\"133037616745761\"><\/div><\/div><div class=\"cff-clear\"><\/div><script type=\"text\/javascript\">var cfflinkhashtags = \"1\";<\/script><script type=\"text\/javascript\" src=\"https:\/\/www.omj.fi\/wp-content\/plugins\/custom-facebook-feed\/assets\/js\/cff-scripts.min.js?ver=4.7.6\"><\/script><\/div><\/div>\n\t\t\t\t\t\t<\/div>\n\t\t\t\t<\/div>\n\t\t\t\t\t<\/div>\n\t\t<\/div>\n\t\t\t\t\t<\/div>\n\t\t<\/section>\n\t\t\t\t<\/div>\n\t\t","protected":false},"excerpt":{"rendered":"<p>AJANKOHTAISTA Jazzin legenda Wynton Marsalis Ouluun \u2013 Liput nyt myynniss\u00e4! Lue lis\u00e4\u00e4 ja osta liput nyt! Oulun Musiikkijuhlat Oulun Musiikkijuhlat on vuosittain maaliskuussa j\u00e4rjestett\u00e4v\u00e4 festivaali, joka tarjoaa mieleenpainuvia konserttiel\u00e4myksi\u00e4 niin klassisen kuin rytmimusiikin saralla. T\u00e4n\u00e4 vuonna festivaali j\u00e4rjestettiin 9.\u201322.3.2026. Festivaalin lis\u00e4ksi Oulun Musiikkijuhlat tarjoaa konserttisarjoja ja yksitt\u00e4isi\u00e4 musiikkitapahtumia ymp\u00e4ri vuoden. Jazz &amp; Etno -konserttisarjassa kuullaan [&hellip;]<\/p>\n","protected":false},"author":1,"featured_media":0,"parent":0,"menu_order":0,"comment_status":"closed","ping_status":"closed","template":"elementor_header_footer","meta":{"_acf_changed":false,"footnotes":""},"class_list":["post-20336","page","type-page","status-publish","hentry"],"acf":[],"_links":{"self":[{"href":"https:\/\/www.omj.fi\/en\/wp-json\/wp\/v2\/pages\/20336","targetHints":{"allow":["GET"]}}],"collection":[{"href":"https:\/\/www.omj.fi\/en\/wp-json\/wp\/v2\/pages"}],"about":[{"href":"https:\/\/www.omj.fi\/en\/wp-json\/wp\/v2\/types\/page"}],"author":[{"embeddable":true,"href":"https:\/\/www.omj.fi\/en\/wp-json\/wp\/v2\/users\/1"}],"replies":[{"embeddable":true,"href":"https:\/\/www.omj.fi\/en\/wp-json\/wp\/v2\/comments?post=20336"}],"version-history":[{"count":210,"href":"https:\/\/www.omj.fi\/en\/wp-json\/wp\/v2\/pages\/20336\/revisions"}],"predecessor-version":[{"id":21671,"href":"https:\/\/www.omj.fi\/en\/wp-json\/wp\/v2\/pages\/20336\/revisions\/21671"}],"wp:attachment":[{"href":"https:\/\/www.omj.fi\/en\/wp-json\/wp\/v2\/media?parent=20336"}],"curies":[{"name":"wp","href":"https:\/\/api.w.org\/{rel}","templated":true}]}}